{"id":2066,"date":"2021-11-19T13:39:08","date_gmt":"2021-11-19T13:39:08","guid":{"rendered":"https:\/\/hotelschoenegg.at\/benvenuti\/"},"modified":"2026-03-04T18:34:35","modified_gmt":"2026-03-04T18:34:35","slug":"benvenuti","status":"publish","type":"page","link":"https:\/\/hotelschoenegg.at\/it\/","title":{"rendered":"Benvenuti a Hotel Sch\u00f6negg, Seefeld, Tirolo"},"content":{"rendered":"\t\t<div data-elementor-type=\"wp-page\" data-elementor-id=\"2066\" class=\"elementor elementor-2066 elementor-9\" data-elementor-post-type=\"page\">\n\t\t\t\t\t\t<section class=\"elementor-section elementor-top-section elementor-element elementor-element-9654a30 elementor-section-height-min-height elementor-section-items-bottom elementor-section-content-bottom elementor-section-full_width elementor-section-height-default\" data-id=\"9654a30\" data-element_type=\"section\" data-e-type=\"section\" data-settings=\"{&quot;background_background&quot;:&quot;slideshow&quot;,&quot;background_slideshow_gallery&quot;:[{&quot;id&quot;:4808,&quot;url&quot;:&quot;https:\\\/\\\/hotelschoenegg.at\\\/wp-content\\\/uploads\\\/2022\\\/09\\\/hotel-schoenegg-drohnenaufnahmen-2022-\\u00a9dajoha-16-print-scaled.jpg&quot;},{&quot;id&quot;:5116,&quot;url&quot;:&quot;https:\\\/\\\/hotelschoenegg.at\\\/wp-content\\\/uploads\\\/2022\\\/09\\\/hotel-schoenegg-juni-2017-gk-web-5.jpg&quot;},{&quot;id&quot;:7709,&quot;url&quot;:&quot;https:\\\/\\\/hotelschoenegg.at\\\/wp-content\\\/uploads\\\/2023\\\/06\\\/hotel-schoenegg-seefeld-Speisesaal-fenster-web.jpg&quot;},{&quot;id&quot;:1673,&quot;url&quot;:&quot;https:\\\/\\\/hotelschoenegg.at\\\/wp-content\\\/uploads\\\/2021\\\/11\\\/hotel-schoenegg-bar-sep-2016-DajohaDesign-11-scaled.jpg&quot;},{&quot;id&quot;:5495,&quot;url&quot;:&quot;https:\\\/\\\/hotelschoenegg.at\\\/wp-content\\\/uploads\\\/2022\\\/09\\\/Hotel-Schoenegg-Sommer-1.jpeg&quot;},{&quot;id&quot;:6244,&quot;url&quot;:&quot;https:\\\/\\\/hotelschoenegg.at\\\/wp-content\\\/uploads\\\/2023\\\/01\\\/schoenegg-seefeld-dezember-2022-\\u00a9DavidJohansson-2006-HDR-web.jpg&quot;},{&quot;id&quot;:5273,&quot;url&quot;:&quot;https:\\\/\\\/hotelschoenegg.at\\\/wp-content\\\/uploads\\\/2022\\\/09\\\/hotel-schoenegg-juni-2017-gk-web-12.jpg&quot;},{&quot;id&quot;:11798,&quot;url&quot;:&quot;https:\\\/\\\/hotelschoenegg.at\\\/wp-content\\\/uploads\\\/2026\\\/01\\\/Hotel-Schoenegg-Seefeld-Hotel-Winter-8.jpg&quot;}],&quot;background_slideshow_slide_duration&quot;:2500,&quot;background_slideshow_transition_duration&quot;:3000,&quot;background_slideshow_loop&quot;:&quot;yes&quot;,&quot;background_slideshow_slide_transition&quot;:&quot;fade&quot;}\">\n\t\t\t\t\t\t<div class=\"elementor-container elementor-column-gap-default\">\n\t\t\t\t\t<div class=\"elementor-column elementor-col-100 elementor-top-column elementor-element elementor-element-e2e5937\" data-id=\"e2e5937\" data-element_type=\"column\" data-e-type=\"column\">\n\t\t\t<div class=\"elementor-widget-wrap elementor-element-populated\">\n\t\t\t\t\t\t<div class=\"elementor-element elementor-element-d91d506 button-rotate elementor-widget__width-auto elementor-widget elementor-widget-image\" data-id=\"d91d506\" data-element_type=\"widget\" data-e-type=\"widget\" data-settings=\"{&quot;motion_fx_motion_fx_scrolling&quot;:&quot;yes&quot;,&quot;motion_fx_devices&quot;:[&quot;desktop&quot;,&quot;laptop&quot;,&quot;tablet_extra&quot;,&quot;tablet&quot;,&quot;mobile&quot;]}\" data-widget_type=\"image.default\">\n\t\t\t\t<div class=\"elementor-widget-container\">\n\t\t\t\t\t\t\t\t\t\t\t\t\t\t\t\t<a href=\"https:\/\/hotelschoenegg.at\/it\/riserva\/\">\n\t\t\t\t\t\t\t<img fetchpriority=\"high\" decoding=\"async\" width=\"464\" height=\"403\" src=\"https:\/\/hotelschoenegg.at\/wp-content\/uploads\/2021\/12\/Button-Bestpreisgarantie-Italienisch.png\" class=\"elementor-animation-grow attachment-large size-large wp-image-1280\" alt=\"\" srcset=\"https:\/\/hotelschoenegg.at\/wp-content\/uploads\/2021\/12\/Button-Bestpreisgarantie-Italienisch.png 464w, https:\/\/hotelschoenegg.at\/wp-content\/uploads\/2021\/12\/Button-Bestpreisgarantie-Italienisch-300x261.png 300w\" sizes=\"(max-width: 464px) 100vw, 464px\" \/>\t\t\t\t\t\t\t\t<\/a>\n\t\t\t\t\t\t\t\t\t\t\t\t\t\t\t<\/div>\n\t\t\t\t<\/div>\n\t\t\t\t\t<\/div>\n\t\t<\/div>\n\t\t\t\t\t<\/div>\n\t\t<\/section>\n\t\t\t\t<section class=\"elementor-section elementor-top-section elementor-element elementor-element-e955704 elementor-section-boxed elementor-section-height-default elementor-section-height-default\" data-id=\"e955704\" data-element_type=\"section\" data-e-type=\"section\">\n\t\t\t\t\t\t<div class=\"elementor-container elementor-column-gap-default\">\n\t\t\t\t\t<div class=\"elementor-column elementor-col-100 elementor-top-column elementor-element elementor-element-7348a2a animated-slow elementor-invisible\" data-id=\"7348a2a\" data-element_type=\"column\" data-e-type=\"column\" data-settings=\"{&quot;background_background&quot;:&quot;classic&quot;,&quot;animation&quot;:&quot;fadeInUp&quot;}\">\n\t\t\t<div class=\"elementor-widget-wrap elementor-element-populated\">\n\t\t\t\t\t\t<div class=\"elementor-element elementor-element-93bcccd elementor-widget__width-auto elementor-widget elementor-widget-heading\" data-id=\"93bcccd\" data-element_type=\"widget\" data-e-type=\"widget\" data-widget_type=\"heading.default\">\n\t\t\t\t<div class=\"elementor-widget-container\">\n\t\t\t\t\t<h2 class=\"elementor-heading-title elementor-size-default\">Vacanze all'Hotel Sch\u00f6negg<\/h2>\t\t\t\t<\/div>\n\t\t\t\t<\/div>\n\t\t\t\t<div class=\"elementor-element elementor-element-5f531d7 elementor-widget__width-auto elementor-widget elementor-widget-heading\" data-id=\"5f531d7\" data-element_type=\"widget\" data-e-type=\"widget\" data-widget_type=\"heading.default\">\n\t\t\t\t<div class=\"elementor-widget-container\">\n\t\t\t\t\t<h2 class=\"elementor-heading-title elementor-size-default\">a Seefeld Tirolo<\/h2>\t\t\t\t<\/div>\n\t\t\t\t<\/div>\n\t\t\t\t\t<\/div>\n\t\t<\/div>\n\t\t\t\t\t<\/div>\n\t\t<\/section>\n\t\t\t\t<section class=\"elementor-section elementor-top-section elementor-element elementor-element-5b64839 elementor-section-boxed elementor-section-height-default elementor-section-height-default\" data-id=\"5b64839\" data-element_type=\"section\" data-e-type=\"section\">\n\t\t\t\t\t\t<div class=\"elementor-container elementor-column-gap-default\">\n\t\t\t\t\t<div class=\"elementor-column elementor-col-100 elementor-top-column elementor-element elementor-element-6d4b63b\" data-id=\"6d4b63b\" data-element_type=\"column\" data-e-type=\"column\">\n\t\t\t<div class=\"elementor-widget-wrap elementor-element-populated\">\n\t\t\t\t\t\t<div class=\"elementor-element elementor-element-506ac84 elementor-widget elementor-widget-heading\" data-id=\"506ac84\" data-element_type=\"widget\" data-e-type=\"widget\" data-widget_type=\"heading.default\">\n\t\t\t\t<div class=\"elementor-widget-container\">\n\t\t\t\t\t<h2 class=\"elementor-heading-title elementor-size-default\">Benvenuti all'Hotel Sch\u00f6negg<\/h2>\t\t\t\t<\/div>\n\t\t\t\t<\/div>\n\t\t\t\t<div class=\"elementor-element elementor-element-a60d787 elementor-widget elementor-widget-text-editor\" data-id=\"a60d787\" data-element_type=\"widget\" data-e-type=\"widget\" data-widget_type=\"text-editor.default\">\n\t\t\t\t<div class=\"elementor-widget-container\">\n\t\t\t\t\t\t\t\t\tIl nostro albergo con <strong>un\u2019atmosfera familiare<\/strong> unisce fascino e autenticit\u00e0 e offre ai nostri clienti una vacanza indimenticabile, dando loro la sensazione di sentirsi \u201ecome a casa propria\u201c . Molti ospiti che ci visitano da generazioni sono diventati veri amici, ritornano con i propri figli e i loro amici diventando cos\u00ed ospiti fissi.<br><br>Tutto \u00e8 facilmente raggiungibile a piedi\u2026 Siamo il punto di partenza ideale per molti sentieri invernali liberi e paesaggistici. La vasta rete di piste di sci di fondo e le aree sciistische sono facilmente raggiungibili a piedi a solo pochi minuti dall\u2019hotel. In estate, gli amanti del camminate partono direttamente dal nostro hotel e a pochi passi si possono raggiungere pure le funivie. Il cuore di Seefeld e la sua zona pedonale piena di vita sono anche <strong>distanti 3 minuti a piedi.<\/strong>\t\t\t\t\t\t\t\t<\/div>\n\t\t\t\t<\/div>\n\t\t\t\t\t<\/div>\n\t\t<\/div>\n\t\t\t\t\t<\/div>\n\t\t<\/section>\n\t\t\t\t<section class=\"elementor-section elementor-top-section elementor-element elementor-element-29076bc elementor-section-boxed elementor-section-height-default elementor-section-height-default\" data-id=\"29076bc\" data-element_type=\"section\" data-e-type=\"section\">\n\t\t\t\t\t\t<div class=\"elementor-container elementor-column-gap-wider\">\n\t\t\t\t\t<div class=\"elementor-column elementor-col-50 elementor-top-column elementor-element elementor-element-14c7bc7 animated-slow elementor-invisible\" data-id=\"14c7bc7\" data-element_type=\"column\" data-e-type=\"column\" data-settings=\"{&quot;animation&quot;:&quot;fadeInLeft&quot;}\">\n\t\t\t<div class=\"elementor-widget-wrap elementor-element-populated\">\n\t\t\t\t\t\t<div class=\"elementor-element elementor-element-4def785 elementor-widget elementor-widget-image\" data-id=\"4def785\" data-element_type=\"widget\" data-e-type=\"widget\" data-widget_type=\"image.default\">\n\t\t\t\t<div class=\"elementor-widget-container\">\n\t\t\t\t\t\t\t\t\t\t\t\t\t\t\t<img decoding=\"async\" width=\"800\" height=\"595\" src=\"https:\/\/hotelschoenegg.at\/wp-content\/uploads\/2021\/10\/hotel-schoenegg-seefeld-familie-web-8-1024x761.jpg\" class=\"attachment-large size-large wp-image-1286\" alt=\"\" srcset=\"https:\/\/hotelschoenegg.at\/wp-content\/uploads\/2021\/10\/hotel-schoenegg-seefeld-familie-web-8-1024x761.jpg 1024w, https:\/\/hotelschoenegg.at\/wp-content\/uploads\/2021\/10\/hotel-schoenegg-seefeld-familie-web-8-300x223.jpg 300w, https:\/\/hotelschoenegg.at\/wp-content\/uploads\/2021\/10\/hotel-schoenegg-seefeld-familie-web-8-768x571.jpg 768w, https:\/\/hotelschoenegg.at\/wp-content\/uploads\/2021\/10\/hotel-schoenegg-seefeld-familie-web-8-1536x1142.jpg 1536w, https:\/\/hotelschoenegg.at\/wp-content\/uploads\/2021\/10\/hotel-schoenegg-seefeld-familie-web-8.jpg 2000w\" sizes=\"(max-width: 800px) 100vw, 800px\" \/>\t\t\t\t\t\t\t\t\t\t\t\t\t\t\t<\/div>\n\t\t\t\t<\/div>\n\t\t\t\t\t<\/div>\n\t\t<\/div>\n\t\t\t\t<div class=\"elementor-column elementor-col-50 elementor-top-column elementor-element elementor-element-78f0856\" data-id=\"78f0856\" data-element_type=\"column\" data-e-type=\"column\">\n\t\t\t<div class=\"elementor-widget-wrap elementor-element-populated\">\n\t\t\t\t\t\t<div class=\"elementor-element elementor-element-f385026 elementor-blockquote--skin-quotation elementor-widget elementor-widget-blockquote\" data-id=\"f385026\" data-element_type=\"widget\" data-e-type=\"widget\" data-widget_type=\"blockquote.default\">\n\t\t\t\t<div class=\"elementor-widget-container\">\n\t\t\t\t\t\t\t<blockquote class=\"elementor-blockquote\">\n\t\t\t<p class=\"elementor-blockquote__content\">\n\t\t\t\tEntrate e godetevi una vacanza rilassante con noi all'Hotel Sch\u00f6negg. \r\n\t\t\t<\/p>\n\t\t\t\t\t<\/blockquote>\n\t\t\t\t\t\t<\/div>\n\t\t\t\t<\/div>\n\t\t\t\t\t<\/div>\n\t\t<\/div>\n\t\t\t\t\t<\/div>\n\t\t<\/section>\n\t\t\t\t<section class=\"elementor-section elementor-top-section elementor-element elementor-element-b023c65 elementor-section-boxed elementor-section-height-default elementor-section-height-default\" data-id=\"b023c65\" data-element_type=\"section\" data-e-type=\"section\">\n\t\t\t\t\t\t<div class=\"elementor-container elementor-column-gap-wide\">\n\t\t\t\t\t<div class=\"elementor-column elementor-col-50 elementor-top-column elementor-element elementor-element-3493d21\" data-id=\"3493d21\" data-element_type=\"column\" data-e-type=\"column\">\n\t\t\t<div class=\"elementor-widget-wrap elementor-element-populated\">\n\t\t\t\t\t\t<div class=\"elementor-element elementor-element-d0ceedc elementor-widget elementor-widget-heading\" data-id=\"d0ceedc\" data-element_type=\"widget\" data-e-type=\"widget\" data-widget_type=\"heading.default\">\n\t\t\t\t<div class=\"elementor-widget-container\">\n\t\t\t\t\t<h2 class=\"elementor-heading-title elementor-size-default\">Servizi inclusi<\/h2>\t\t\t\t<\/div>\n\t\t\t\t<\/div>\n\t\t\t\t<div class=\"elementor-element elementor-element-6f33b39 elementor-widget elementor-widget-text-editor\" data-id=\"6f33b39\" data-element_type=\"widget\" data-e-type=\"widget\" data-widget_type=\"text-editor.default\">\n\t\t\t\t<div class=\"elementor-widget-container\">\n\t\t\t\t\t\t\t\t\t<p>\u2022 Camere accoglienti e luminose con vista panoramica <br \/>\u2022 La sauna finlandese e cabina a raggi infrarossi in albergo<br \/>\u2022 Bagno turco per 2 persone<br \/>\u2022 <strong>Ingresso gratuito alla piscina<\/strong> pubblica di Seefeld<br \/>\u2022 <strong>Ingresso gratuito alla piscina<\/strong> pubblica all&#8217;aperto sul lago <br \/>\u2022 bel giardino vasto con sedie sdraio da sole per rilassarsi<br \/>\u2022 Area giochi per i bambini in hotel<br \/>\u2022 WIFI gratuito<br \/>\u2022 Ascensore per tutti i piani<\/p>\n<p>\u2022 Deposito biciclette chiuso a chiave con stazione di ricarica<br \/>\u2022 Deposito sci con asciuga scarponi<br \/>\u2022 Slittini e bob per bambini gratuiti<br \/>\u2022 <strong>Uso gratuito delle piste da sci di fondo<\/strong> in tutta la regione<br \/>\u2022 <strong>Biglietti autobus gratuiti<\/strong> per tutte le piste da sci di fondo, le aree sciistiche ed escursionistiche della regione<\/p>\n\t\t\t\t\t\t\t\t<\/div>\n\t\t\t\t<\/div>\n\t\t\t\t\t<\/div>\n\t\t<\/div>\n\t\t\t\t<div class=\"elementor-column elementor-col-50 elementor-top-column elementor-element elementor-element-79e318d elementor-invisible\" data-id=\"79e318d\" data-element_type=\"column\" data-e-type=\"column\" data-settings=\"{&quot;animation&quot;:&quot;fadeInRight&quot;}\">\n\t\t\t<div class=\"elementor-widget-wrap elementor-element-populated\">\n\t\t\t\t\t\t<div class=\"elementor-element elementor-element-72f7fac elementor-arrows-position-inside elementor-invisible elementor-widget elementor-widget-image-carousel\" data-id=\"72f7fac\" data-element_type=\"widget\" data-e-type=\"widget\" data-settings=\"{&quot;slides_to_show&quot;:&quot;1&quot;,&quot;navigation&quot;:&quot;arrows&quot;,&quot;pause_on_hover&quot;:&quot;no&quot;,&quot;_animation&quot;:&quot;slideInRight&quot;,&quot;autoplay&quot;:&quot;yes&quot;,&quot;pause_on_interaction&quot;:&quot;yes&quot;,&quot;autoplay_speed&quot;:5000,&quot;infinite&quot;:&quot;yes&quot;,&quot;effect&quot;:&quot;slide&quot;,&quot;speed&quot;:500}\" data-widget_type=\"image-carousel.default\">\n\t\t\t\t<div class=\"elementor-widget-container\">\n\t\t\t\t\t\t\t<div class=\"elementor-image-carousel-wrapper swiper\" role=\"region\" aria-roledescription=\"carousel\" aria-label=\"Bild Karussell\" dir=\"ltr\">\n\t\t\t<div class=\"elementor-image-carousel swiper-wrapper swiper-image-stretch\" aria-live=\"off\">\n\t\t\t\t\t\t\t\t<div class=\"swiper-slide\" role=\"group\" aria-roledescription=\"slide\" aria-label=\"1 di 11\"><a data-elementor-open-lightbox=\"yes\" data-elementor-lightbox-slideshow=\"72f7fac\" data-elementor-lightbox-title=\"Foto: David Johansson\" data-elementor-lightbox-description=\"Hotel Sch\u00f6negg Region Seefeld Tirol \u00d6sterreich\" data-e-action-hash=\"#elementor-action%3Aaction%3Dlightbox%26settings%3DeyJpZCI6MTM5NywidXJsIjoiaHR0cHM6XC9cL2hvdGVsc2Nob2VuZWdnLmF0XC93cC1jb250ZW50XC91cGxvYWRzXC8yMDIxXC8xMFwvSG90ZWwtU2Nob2VuZWdnLUhvdGVsYmFyLUtvcGllLmpwZyIsInNsaWRlc2hvdyI6IjcyZjdmYWMifQ%3D%3D\" href=\"https:\/\/hotelschoenegg.at\/wp-content\/uploads\/2021\/10\/Hotel-Schoenegg-Hotelbar-Kopie.jpg\"><figure class=\"swiper-slide-inner\"><img decoding=\"async\" class=\"swiper-slide-image\" src=\"https:\/\/hotelschoenegg.at\/wp-content\/uploads\/2021\/10\/Hotel-Schoenegg-Hotelbar-Kopie-768x512.jpg\" alt=\"Foto: David Johansson\" \/><\/figure><\/a><\/div><div class=\"swiper-slide\" role=\"group\" aria-roledescription=\"slide\" aria-label=\"2 di 11\"><a data-elementor-open-lightbox=\"yes\" data-elementor-lightbox-slideshow=\"72f7fac\" data-elementor-lightbox-title=\"Foto: David Johansson\" data-elementor-lightbox-description=\"Hotel Sch\u00f6negg Region Seefeld Tirol \u00d6sterreich\" data-e-action-hash=\"#elementor-action%3Aaction%3Dlightbox%26settings%3DeyJpZCI6MTU2OCwidXJsIjoiaHR0cHM6XC9cL2hvdGVsc2Nob2VuZWdnLmF0XC93cC1jb250ZW50XC91cGxvYWRzXC8yMDIxXC8xMVwvSG90ZWwtU2Nob1x1MDMwOG5lZ2ctU2VlZmVsZC1CYXItZ3Jvc3MuanBnIiwic2xpZGVzaG93IjoiNzJmN2ZhYyJ9\" href=\"https:\/\/hotelschoenegg.at\/wp-content\/uploads\/2021\/11\/Hotel-Scho\u0308negg-Seefeld-Bar-gross.jpg\"><figure class=\"swiper-slide-inner\"><img decoding=\"async\" class=\"swiper-slide-image\" src=\"https:\/\/hotelschoenegg.at\/wp-content\/uploads\/2021\/11\/Hotel-Scho\u0308negg-Seefeld-Bar-gross-768x512.jpg\" alt=\"Foto: David Johansson\" \/><\/figure><\/a><\/div><div class=\"swiper-slide\" role=\"group\" aria-roledescription=\"slide\" aria-label=\"3 di 11\"><a data-elementor-open-lightbox=\"yes\" data-elementor-lightbox-slideshow=\"72f7fac\" data-elementor-lightbox-title=\"Hotel Scho\u0308negg Seefeld runder Tisch\" data-elementor-lightbox-description=\"Hotel Scho\u0308negg Seefeld \" data-e-action-hash=\"#elementor-action%3Aaction%3Dlightbox%26settings%3DeyJpZCI6MTgxNywidXJsIjoiaHR0cHM6XC9cL2hvdGVsc2Nob2VuZWdnLmF0XC93cC1jb250ZW50XC91cGxvYWRzXC8yMDIxXC8xMVwvSG90ZWwtU2Nob1x1MDMwOG5lZ2ctU2VlZmVsZC1ydW5kZXItVGlzY2guanBnIiwic2xpZGVzaG93IjoiNzJmN2ZhYyJ9\" href=\"https:\/\/hotelschoenegg.at\/wp-content\/uploads\/2021\/11\/Hotel-Scho\u0308negg-Seefeld-runder-Tisch.jpg\"><figure class=\"swiper-slide-inner\"><img decoding=\"async\" class=\"swiper-slide-image\" src=\"https:\/\/hotelschoenegg.at\/wp-content\/uploads\/2021\/11\/Hotel-Scho\u0308negg-Seefeld-runder-Tisch-768x512.jpg\" alt=\"Hotel Scho\u0308negg Seefeld\" \/><\/figure><\/a><\/div><div class=\"swiper-slide\" role=\"group\" aria-roledescription=\"slide\" aria-label=\"4 di 11\"><a data-elementor-open-lightbox=\"yes\" data-elementor-lightbox-slideshow=\"72f7fac\" data-elementor-lightbox-title=\"hotel-schoenegg-seefeld-feb-2020-\u00a9DavidJohansson-4329-HDR-web\" data-elementor-lightbox-description=\"hotel-schoenegg-seefeld-Sauna\" data-e-action-hash=\"#elementor-action%3Aaction%3Dlightbox%26settings%3DeyJpZCI6MTY1OCwidXJsIjoiaHR0cHM6XC9cL2hvdGVsc2Nob2VuZWdnLmF0XC93cC1jb250ZW50XC91cGxvYWRzXC8yMDIxXC8xMVwvaG90ZWwtc2Nob2VuZWdnLXNlZWZlbGQtZmViLTIwMjAtXHUwMGE5RGF2aWRKb2hhbnNzb24tNDMyOS1IRFItd2ViLTEuanBnIiwic2xpZGVzaG93IjoiNzJmN2ZhYyJ9\" href=\"https:\/\/hotelschoenegg.at\/wp-content\/uploads\/2021\/11\/hotel-schoenegg-seefeld-feb-2020-\u00a9DavidJohansson-4329-HDR-web-1.jpg\"><figure class=\"swiper-slide-inner\"><img decoding=\"async\" class=\"swiper-slide-image\" src=\"https:\/\/hotelschoenegg.at\/wp-content\/uploads\/2021\/11\/hotel-schoenegg-seefeld-feb-2020-\u00a9DavidJohansson-4329-HDR-web-1-768x512.jpg\" alt=\"hotel-schoenegg-seefeld-Sauna\" \/><\/figure><\/a><\/div><div class=\"swiper-slide\" role=\"group\" aria-roledescription=\"slide\" aria-label=\"5 di 11\"><a data-elementor-open-lightbox=\"yes\" data-elementor-lightbox-slideshow=\"72f7fac\" data-elementor-lightbox-title=\"hotel-schoenegg-seefeld-Speisesaal fenster web\" data-elementor-lightbox-description=\"Hotel Schoenegg Seefeld Tirol \u00d6sterreich\" data-e-action-hash=\"#elementor-action%3Aaction%3Dlightbox%26settings%3DeyJpZCI6NzcwOSwidXJsIjoiaHR0cHM6XC9cL2hvdGVsc2Nob2VuZWdnLmF0XC93cC1jb250ZW50XC91cGxvYWRzXC8yMDIzXC8wNlwvaG90ZWwtc2Nob2VuZWdnLXNlZWZlbGQtU3BlaXNlc2FhbC1mZW5zdGVyLXdlYi5qcGciLCJzbGlkZXNob3ciOiI3MmY3ZmFjIn0%3D\" href=\"https:\/\/hotelschoenegg.at\/wp-content\/uploads\/2023\/06\/hotel-schoenegg-seefeld-Speisesaal-fenster-web.jpg\"><figure class=\"swiper-slide-inner\"><img decoding=\"async\" class=\"swiper-slide-image\" src=\"https:\/\/hotelschoenegg.at\/wp-content\/uploads\/2023\/06\/hotel-schoenegg-seefeld-Speisesaal-fenster-web-768x512.jpg\" alt=\"Hotel Schoenegg Seefeld Tirol \u00d6sterreich\" \/><\/figure><\/a><\/div><div class=\"swiper-slide\" role=\"group\" aria-roledescription=\"slide\" aria-label=\"6 di 11\"><a data-elementor-open-lightbox=\"yes\" data-elementor-lightbox-slideshow=\"72f7fac\" data-elementor-lightbox-title=\"hotel-schoenegg-seefeld-speisesaal links-web\" data-elementor-lightbox-description=\"Hotel Sch\u00f6negg Region Seefeld Tirol \u00d6sterreich\" data-e-action-hash=\"#elementor-action%3Aaction%3Dlightbox%26settings%3DeyJpZCI6NzcxMywidXJsIjoiaHR0cHM6XC9cL2hvdGVsc2Nob2VuZWdnLmF0XC93cC1jb250ZW50XC91cGxvYWRzXC8yMDIzXC8wNlwvaG90ZWwtc2Nob2VuZWdnLXNlZWZlbGQtc3BlaXNlc2FhbC1saW5rcy13ZWIuanBnIiwic2xpZGVzaG93IjoiNzJmN2ZhYyJ9\" href=\"https:\/\/hotelschoenegg.at\/wp-content\/uploads\/2023\/06\/hotel-schoenegg-seefeld-speisesaal-links-web.jpg\"><figure class=\"swiper-slide-inner\"><img decoding=\"async\" class=\"swiper-slide-image\" src=\"https:\/\/hotelschoenegg.at\/wp-content\/uploads\/2023\/06\/hotel-schoenegg-seefeld-speisesaal-links-web-768x512.jpg\" alt=\"Hotel Sch\u00f6negg Region Seefeld Tirol \u00d6sterreich\" \/><\/figure><\/a><\/div><div class=\"swiper-slide\" role=\"group\" aria-roledescription=\"slide\" aria-label=\"7 di 11\"><a data-elementor-open-lightbox=\"yes\" data-elementor-lightbox-slideshow=\"72f7fac\" data-elementor-lightbox-title=\"schoenegg-seefeld-dezember-2022-\u00a9DavidJohansson-2006-HDR-web\" data-elementor-lightbox-description=\"Hotel Scho\u0308negg Seefeld Zimmerbeispiel\" data-e-action-hash=\"#elementor-action%3Aaction%3Dlightbox%26settings%3DeyJpZCI6NjI0NCwidXJsIjoiaHR0cHM6XC9cL2hvdGVsc2Nob2VuZWdnLmF0XC93cC1jb250ZW50XC91cGxvYWRzXC8yMDIzXC8wMVwvc2Nob2VuZWdnLXNlZWZlbGQtZGV6ZW1iZXItMjAyMi1cdTAwYTlEYXZpZEpvaGFuc3Nvbi0yMDA2LUhEUi13ZWIuanBnIiwic2xpZGVzaG93IjoiNzJmN2ZhYyJ9\" href=\"https:\/\/hotelschoenegg.at\/wp-content\/uploads\/2023\/01\/schoenegg-seefeld-dezember-2022-\u00a9DavidJohansson-2006-HDR-web.jpg\"><figure class=\"swiper-slide-inner\"><img decoding=\"async\" class=\"swiper-slide-image\" src=\"https:\/\/hotelschoenegg.at\/wp-content\/uploads\/2023\/01\/schoenegg-seefeld-dezember-2022-\u00a9DavidJohansson-2006-HDR-web-768x512.jpg\" alt=\"Hotel Scho\u0308negg Seefeld Zimmerbeispiel\" \/><\/figure><\/a><\/div><div class=\"swiper-slide\" role=\"group\" aria-roledescription=\"slide\" aria-label=\"8 di 11\"><a data-elementor-open-lightbox=\"yes\" data-elementor-lightbox-slideshow=\"72f7fac\" data-elementor-lightbox-title=\"schoenegg-seefeld-dezember-2022-\u00a9DavidJohansson-2034-HDR-web\" data-elementor-lightbox-description=\"schoenegg-seefeld-Juniorsuite\" data-e-action-hash=\"#elementor-action%3Aaction%3Dlightbox%26settings%3DeyJpZCI6NjI1NiwidXJsIjoiaHR0cHM6XC9cL2hvdGVsc2Nob2VuZWdnLmF0XC93cC1jb250ZW50XC91cGxvYWRzXC8yMDIzXC8wMVwvc2Nob2VuZWdnLXNlZWZlbGQtZGV6ZW1iZXItMjAyMi1cdTAwYTlEYXZpZEpvaGFuc3Nvbi0yMDM0LUhEUi13ZWIuanBnIiwic2xpZGVzaG93IjoiNzJmN2ZhYyJ9\" href=\"https:\/\/hotelschoenegg.at\/wp-content\/uploads\/2023\/01\/schoenegg-seefeld-dezember-2022-\u00a9DavidJohansson-2034-HDR-web.jpg\"><figure class=\"swiper-slide-inner\"><img decoding=\"async\" class=\"swiper-slide-image\" src=\"https:\/\/hotelschoenegg.at\/wp-content\/uploads\/2023\/01\/schoenegg-seefeld-dezember-2022-\u00a9DavidJohansson-2034-HDR-web-768x512.jpg\" alt=\"schoenegg-seefeld-Juniorsuite\" \/><\/figure><\/a><\/div><div class=\"swiper-slide\" role=\"group\" aria-roledescription=\"slide\" aria-label=\"9 di 11\"><a data-elementor-open-lightbox=\"yes\" data-elementor-lightbox-slideshow=\"72f7fac\" data-elementor-lightbox-title=\"Bad 9 quer (2)\" data-elementor-lightbox-description=\"Hotel schoenegg-seefeld-Badewanne mit begehbarer Dusche\" data-e-action-hash=\"#elementor-action%3Aaction%3Dlightbox%26settings%3DeyJpZCI6NjM4NywidXJsIjoiaHR0cHM6XC9cL2hvdGVsc2Nob2VuZWdnLmF0XC93cC1jb250ZW50XC91cGxvYWRzXC8yMDIzXC8wMVwvQmFkLTktcXVlci0yLXNjYWxlZC5qcGciLCJzbGlkZXNob3ciOiI3MmY3ZmFjIn0%3D\" href=\"https:\/\/hotelschoenegg.at\/wp-content\/uploads\/2023\/01\/Bad-9-quer-2-scaled.jpg\"><figure class=\"swiper-slide-inner\"><img decoding=\"async\" class=\"swiper-slide-image\" src=\"https:\/\/hotelschoenegg.at\/wp-content\/uploads\/2023\/01\/Bad-9-quer-2-768x531.jpg\" alt=\"Hotel schoenegg-seefeld-Badewanne mit begehbarer Dusche\" \/><\/figure><\/a><\/div><div class=\"swiper-slide\" role=\"group\" aria-roledescription=\"slide\" aria-label=\"10 di 11\"><a data-elementor-open-lightbox=\"yes\" data-elementor-lightbox-slideshow=\"72f7fac\" data-elementor-lightbox-title=\"Hotel Scho\u0308negg Seefeld Tirol Garten Su\u0308dblick web\" data-elementor-lightbox-description=\"Hotel Scho\u0308negg Seefeld Tirol Garten Su\u0308dblick \" data-e-action-hash=\"#elementor-action%3Aaction%3Dlightbox%26settings%3DeyJpZCI6MTQwMCwidXJsIjoiaHR0cHM6XC9cL2hvdGVsc2Nob2VuZWdnLmF0XC93cC1jb250ZW50XC91cGxvYWRzXC8yMDIxXC8xMFwvSG90ZWwtU2Nob1x1MDMwOG5lZ2ctU2VlZmVsZC1UaXJvbC1HYXJ0ZW4tU3VcdTAzMDhkYmxpY2std2ViLmpwZyIsInNsaWRlc2hvdyI6IjcyZjdmYWMifQ%3D%3D\" href=\"https:\/\/hotelschoenegg.at\/wp-content\/uploads\/2021\/10\/Hotel-Scho\u0308negg-Seefeld-Tirol-Garten-Su\u0308dblick-web.jpg\"><figure class=\"swiper-slide-inner\"><img decoding=\"async\" class=\"swiper-slide-image\" src=\"https:\/\/hotelschoenegg.at\/wp-content\/uploads\/2021\/10\/Hotel-Scho\u0308negg-Seefeld-Tirol-Garten-Su\u0308dblick-web-768x512.jpg\" alt=\"Hotel Scho\u0308negg Seefeld Tirol Garten Su\u0308dblick\" \/><\/figure><\/a><\/div><div class=\"swiper-slide\" role=\"group\" aria-roledescription=\"slide\" aria-label=\"11 di 11\"><a data-elementor-open-lightbox=\"yes\" data-elementor-lightbox-slideshow=\"72f7fac\" data-elementor-lightbox-title=\"Hotel Scho\u0308negg Seefeld Tirol Brunnen web\" data-elementor-lightbox-description=\"Hotel Sch\u00f6negg | in der Region Seefeld\" data-e-action-hash=\"#elementor-action%3Aaction%3Dlightbox%26settings%3DeyJpZCI6MTUxNywidXJsIjoiaHR0cHM6XC9cL2hvdGVsc2Nob2VuZWdnLmF0XC93cC1jb250ZW50XC91cGxvYWRzXC8yMDIxXC8xMFwvSG90ZWwtU2Nob1x1MDMwOG5lZ2ctU2VlZmVsZC1UaXJvbC1CcnVubmVuLXdlYi5qcGciLCJzbGlkZXNob3ciOiI3MmY3ZmFjIn0%3D\" href=\"https:\/\/hotelschoenegg.at\/wp-content\/uploads\/2021\/10\/Hotel-Scho\u0308negg-Seefeld-Tirol-Brunnen-web.jpg\"><figure class=\"swiper-slide-inner\"><img decoding=\"async\" class=\"swiper-slide-image\" src=\"https:\/\/hotelschoenegg.at\/wp-content\/uploads\/2021\/10\/Hotel-Scho\u0308negg-Seefeld-Tirol-Brunnen-web-768x512.jpg\" alt=\"Hotel Sch\u00f6negg | in der Region Seefeld\" \/><\/figure><\/a><\/div>\t\t\t<\/div>\n\t\t\t\t\t\t\t\t\t\t\t\t<div class=\"elementor-swiper-button elementor-swiper-button-prev\" role=\"button\" tabindex=\"0\">\n\t\t\t\t\t\t<i aria-hidden=\"true\" class=\"eicon-chevron-left\"><\/i>\t\t\t\t\t<\/div>\n\t\t\t\t\t<div class=\"elementor-swiper-button elementor-swiper-button-next\" role=\"button\" tabindex=\"0\">\n\t\t\t\t\t\t<i aria-hidden=\"true\" class=\"eicon-chevron-right\"><\/i>\t\t\t\t\t<\/div>\n\t\t\t\t\n\t\t\t\t\t\t\t\t\t<\/div>\n\t\t\t\t\t\t<\/div>\n\t\t\t\t<\/div>\n\t\t\t\t\t<\/div>\n\t\t<\/div>\n\t\t\t\t\t<\/div>\n\t\t<\/section>\n\t\t\t\t<section class=\"elementor-section elementor-top-section elementor-element elementor-element-889eabd elementor-section-boxed elementor-section-height-default elementor-section-height-default\" data-id=\"889eabd\" data-element_type=\"section\" data-e-type=\"section\" data-settings=\"{&quot;background_background&quot;:&quot;classic&quot;,&quot;background_motion_fx_motion_fx_scrolling&quot;:&quot;yes&quot;,&quot;background_motion_fx_translateY_effect&quot;:&quot;yes&quot;,&quot;background_motion_fx_translateY_speed&quot;:{&quot;unit&quot;:&quot;px&quot;,&quot;size&quot;:8,&quot;sizes&quot;:[]},&quot;background_motion_fx_translateY_affectedRange&quot;:{&quot;unit&quot;:&quot;%&quot;,&quot;size&quot;:&quot;&quot;,&quot;sizes&quot;:{&quot;start&quot;:0,&quot;end&quot;:100}},&quot;background_motion_fx_devices&quot;:[&quot;desktop&quot;,&quot;laptop&quot;,&quot;tablet_extra&quot;,&quot;tablet&quot;,&quot;mobile&quot;]}\">\n\t\t\t\t\t\t<div class=\"elementor-container elementor-column-gap-wide\">\n\t\t\t\t\t<div class=\"elementor-column elementor-col-50 elementor-top-column elementor-element elementor-element-2fd0866\" data-id=\"2fd0866\" data-element_type=\"column\" data-e-type=\"column\" data-settings=\"{&quot;background_background&quot;:&quot;gradient&quot;}\">\n\t\t\t<div class=\"elementor-widget-wrap elementor-element-populated\">\n\t\t\t\t\t\t<div class=\"elementor-element elementor-element-0c21955 animated-slow elementor-invisible elementor-widget elementor-widget-image\" data-id=\"0c21955\" data-element_type=\"widget\" data-e-type=\"widget\" data-settings=\"{&quot;_animation&quot;:&quot;fadeInLeft&quot;}\" data-widget_type=\"image.default\">\n\t\t\t\t<div class=\"elementor-widget-container\">\n\t\t\t\t\t\t\t\t\t\t\t\t\t\t\t<img decoding=\"async\" width=\"800\" height=\"533\" src=\"https:\/\/hotelschoenegg.at\/wp-content\/uploads\/2021\/10\/breakfast-assortment-2021-08-28-11-41-17-utc-1024x682.jpg\" class=\"attachment-large size-large wp-image-1301\" alt=\"\" srcset=\"https:\/\/hotelschoenegg.at\/wp-content\/uploads\/2021\/10\/breakfast-assortment-2021-08-28-11-41-17-utc-1024x682.jpg 1024w, https:\/\/hotelschoenegg.at\/wp-content\/uploads\/2021\/10\/breakfast-assortment-2021-08-28-11-41-17-utc-300x200.jpg 300w, https:\/\/hotelschoenegg.at\/wp-content\/uploads\/2021\/10\/breakfast-assortment-2021-08-28-11-41-17-utc-768x512.jpg 768w, https:\/\/hotelschoenegg.at\/wp-content\/uploads\/2021\/10\/breakfast-assortment-2021-08-28-11-41-17-utc-1536x1024.jpg 1536w, https:\/\/hotelschoenegg.at\/wp-content\/uploads\/2021\/10\/breakfast-assortment-2021-08-28-11-41-17-utc.jpg 2000w\" sizes=\"(max-width: 800px) 100vw, 800px\" \/>\t\t\t\t\t\t\t\t\t\t\t\t\t\t\t<\/div>\n\t\t\t\t<\/div>\n\t\t\t\t\t<\/div>\n\t\t<\/div>\n\t\t\t\t<div class=\"elementor-column elementor-col-50 elementor-top-column elementor-element elementor-element-0bbede5\" data-id=\"0bbede5\" data-element_type=\"column\" data-e-type=\"column\">\n\t\t\t<div class=\"elementor-widget-wrap elementor-element-populated\">\n\t\t\t\t\t\t<div class=\"elementor-element elementor-element-3f01ac2 elementor-widget elementor-widget-heading\" data-id=\"3f01ac2\" data-element_type=\"widget\" data-e-type=\"widget\" data-widget_type=\"heading.default\">\n\t\t\t\t<div class=\"elementor-widget-container\">\n\t\t\t\t\t<h3 class=\"elementor-heading-title elementor-size-default\">Il buon gusto della <\/h3>\t\t\t\t<\/div>\n\t\t\t\t<\/div>\n\t\t\t\t<div class=\"elementor-element elementor-element-bdb4fcd elementor-widget elementor-widget-heading\" data-id=\"bdb4fcd\" data-element_type=\"widget\" data-e-type=\"widget\" data-widget_type=\"heading.default\">\n\t\t\t\t<div class=\"elementor-widget-container\">\n\t\t\t\t\t<h2 class=\"elementor-heading-title elementor-size-default\">casa Sch\u00f6negg<\/h2>\t\t\t\t<\/div>\n\t\t\t\t<\/div>\n\t\t\t\t<div class=\"elementor-element elementor-element-b0f57e8 elementor-widget elementor-widget-text-editor\" data-id=\"b0f57e8\" data-element_type=\"widget\" data-e-type=\"widget\" data-widget_type=\"text-editor.default\">\n\t\t\t\t<div class=\"elementor-widget-container\">\n\t\t\t\t\t\t\t\t\t<p>Dalla mattina alla sera viziamo i nostri ospiti con specialit\u00e0 locali ed internazionali<\/p>\n<p>\u2022 Ricco e vario buffet per la colazione con angolo muesli e piramide di frutta fresca di stagione<br \/>\u2022 Ogni giorno insalate croccanti a buffet e pane fresco di forno<br \/>\u2022 La sera menu a scelta internazionale e<br \/>\u2022 ulteriori piatti regionali tirolesi e\/o specialit\u00e0 vegetariane<\/p>\n\t\t\t\t\t\t\t\t<\/div>\n\t\t\t\t<\/div>\n\t\t\t\t\t<\/div>\n\t\t<\/div>\n\t\t\t\t\t<\/div>\n\t\t<\/section>\n\t\t\t\t<section class=\"elementor-section elementor-top-section elementor-element elementor-element-bf1a8bc elementor-section-boxed elementor-section-height-default elementor-section-height-default\" data-id=\"bf1a8bc\" data-element_type=\"section\" data-e-type=\"section\">\n\t\t\t\t\t\t<div class=\"elementor-container elementor-column-gap-wide\">\n\t\t\t\t\t<div class=\"elementor-column elementor-col-50 elementor-top-column elementor-element elementor-element-dd50fec\" data-id=\"dd50fec\" data-element_type=\"column\" data-e-type=\"column\">\n\t\t\t<div class=\"elementor-widget-wrap elementor-element-populated\">\n\t\t\t\t\t\t<div class=\"elementor-element elementor-element-de8a2ef elementor-widget elementor-widget-heading\" data-id=\"de8a2ef\" data-element_type=\"widget\" data-e-type=\"widget\" data-widget_type=\"heading.default\">\n\t\t\t\t<div class=\"elementor-widget-container\">\n\t\t\t\t\t<h4 class=\"elementor-heading-title elementor-size-default\">Piscina pubblica a Seefeld e nuoto nel Wildsee inclusi<\/h4>\t\t\t\t<\/div>\n\t\t\t\t<\/div>\n\t\t\t\t<div class=\"elementor-element elementor-element-e686ee2 elementor-widget elementor-widget-text-editor\" data-id=\"e686ee2\" data-element_type=\"widget\" data-e-type=\"widget\" data-widget_type=\"text-editor.default\">\n\t\t\t\t<div class=\"elementor-widget-container\">\n\t\t\t\t\t\t\t\t\t<p>Sia in inverno e in estate in nostri ospiti hanno l\u2019ingresso gratuito alla piscina pubblica di Seefeld. Un extra che non costa nulla.<\/p>\n<p>Il Centro sportivo Olympia, al termine di una ristrutturazione, offre grande divertimento in acqua, presentandosi in un nuovo e moderno ambiente dedicato al benessere. Paesaggio acquatico indoor con area riservata a bambini e neonati, torrente d\u2019acqua di 140m, riorganizzazione degli spazi esterni. (soggetto a quando aperto).<\/p>\n<p>Inoltre in estate <strong>ingresso gratuito al lago<\/strong> all&#8217;aperto di Seefelder See con vasca aggiuntiva per bambini e grande prato (dal luned\u00ec al gioved\u00ec). Pedal\u00f2 sul lago a pagamento.<\/p>\n\t\t\t\t\t\t\t\t<\/div>\n\t\t\t\t<\/div>\n\t\t\t\t\t<\/div>\n\t\t<\/div>\n\t\t\t\t<div class=\"elementor-column elementor-col-50 elementor-top-column elementor-element elementor-element-c0558fe\" data-id=\"c0558fe\" data-element_type=\"column\" data-e-type=\"column\">\n\t\t\t<div class=\"elementor-widget-wrap elementor-element-populated\">\n\t\t\t\t\t\t<div class=\"elementor-element elementor-element-c89ccf6 animated-slow e-transform e-transform e-transform elementor-arrows-position-inside elementor-invisible elementor-widget elementor-widget-image-carousel\" data-id=\"c89ccf6\" data-element_type=\"widget\" data-e-type=\"widget\" data-settings=\"{&quot;slides_to_show&quot;:&quot;1&quot;,&quot;navigation&quot;:&quot;arrows&quot;,&quot;pause_on_hover&quot;:&quot;no&quot;,&quot;_animation&quot;:&quot;fadeInRight&quot;,&quot;autoplay_speed&quot;:3000,&quot;_animation_delay&quot;:0,&quot;_transform_translateX_effect&quot;:{&quot;unit&quot;:&quot;px&quot;,&quot;size&quot;:0,&quot;sizes&quot;:[]},&quot;_transform_skewX_effect&quot;:{&quot;unit&quot;:&quot;px&quot;,&quot;size&quot;:0,&quot;sizes&quot;:[]},&quot;_transform_flipX_effect&quot;:&quot;transform&quot;,&quot;autoplay&quot;:&quot;yes&quot;,&quot;pause_on_interaction&quot;:&quot;yes&quot;,&quot;infinite&quot;:&quot;yes&quot;,&quot;effect&quot;:&quot;slide&quot;,&quot;speed&quot;:500,&quot;_transform_translateX_effect_laptop&quot;:{&quot;unit&quot;:&quot;px&quot;,&quot;size&quot;:&quot;&quot;,&quot;sizes&quot;:[]},&quot;_transform_translateX_effect_tablet_extra&quot;:{&quot;unit&quot;:&quot;px&quot;,&quot;size&quot;:&quot;&quot;,&quot;sizes&quot;:[]},&quot;_transform_translateX_effect_tablet&quot;:{&quot;unit&quot;:&quot;px&quot;,&quot;size&quot;:&quot;&quot;,&quot;sizes&quot;:[]},&quot;_transform_translateX_effect_mobile&quot;:{&quot;unit&quot;:&quot;px&quot;,&quot;size&quot;:&quot;&quot;,&quot;sizes&quot;:[]},&quot;_transform_translateY_effect&quot;:{&quot;unit&quot;:&quot;px&quot;,&quot;size&quot;:&quot;&quot;,&quot;sizes&quot;:[]},&quot;_transform_translateY_effect_laptop&quot;:{&quot;unit&quot;:&quot;px&quot;,&quot;size&quot;:&quot;&quot;,&quot;sizes&quot;:[]},&quot;_transform_translateY_effect_tablet_extra&quot;:{&quot;unit&quot;:&quot;px&quot;,&quot;size&quot;:&quot;&quot;,&quot;sizes&quot;:[]},&quot;_transform_translateY_effect_tablet&quot;:{&quot;unit&quot;:&quot;px&quot;,&quot;size&quot;:&quot;&quot;,&quot;sizes&quot;:[]},&quot;_transform_translateY_effect_mobile&quot;:{&quot;unit&quot;:&quot;px&quot;,&quot;size&quot;:&quot;&quot;,&quot;sizes&quot;:[]},&quot;_transform_skewX_effect_laptop&quot;:{&quot;unit&quot;:&quot;deg&quot;,&quot;size&quot;:&quot;&quot;,&quot;sizes&quot;:[]},&quot;_transform_skewX_effect_tablet_extra&quot;:{&quot;unit&quot;:&quot;deg&quot;,&quot;size&quot;:&quot;&quot;,&quot;sizes&quot;:[]},&quot;_transform_skewX_effect_tablet&quot;:{&quot;unit&quot;:&quot;deg&quot;,&quot;size&quot;:&quot;&quot;,&quot;sizes&quot;:[]},&quot;_transform_skewX_effect_mobile&quot;:{&quot;unit&quot;:&quot;deg&quot;,&quot;size&quot;:&quot;&quot;,&quot;sizes&quot;:[]},&quot;_transform_skewY_effect&quot;:{&quot;unit&quot;:&quot;px&quot;,&quot;size&quot;:&quot;&quot;,&quot;sizes&quot;:[]},&quot;_transform_skewY_effect_laptop&quot;:{&quot;unit&quot;:&quot;deg&quot;,&quot;size&quot;:&quot;&quot;,&quot;sizes&quot;:[]},&quot;_transform_skewY_effect_tablet_extra&quot;:{&quot;unit&quot;:&quot;deg&quot;,&quot;size&quot;:&quot;&quot;,&quot;sizes&quot;:[]},&quot;_transform_skewY_effect_tablet&quot;:{&quot;unit&quot;:&quot;deg&quot;,&quot;size&quot;:&quot;&quot;,&quot;sizes&quot;:[]},&quot;_transform_skewY_effect_mobile&quot;:{&quot;unit&quot;:&quot;deg&quot;,&quot;size&quot;:&quot;&quot;,&quot;sizes&quot;:[]}}\" data-widget_type=\"image-carousel.default\">\n\t\t\t\t<div class=\"elementor-widget-container\">\n\t\t\t\t\t\t\t<div class=\"elementor-image-carousel-wrapper swiper\" role=\"region\" aria-roledescription=\"carousel\" aria-label=\"Bild Karussell\" dir=\"ltr\">\n\t\t\t<div class=\"elementor-image-carousel swiper-wrapper swiper-image-stretch\" aria-live=\"off\">\n\t\t\t\t\t\t\t\t<div class=\"swiper-slide\" role=\"group\" aria-roledescription=\"slide\" aria-label=\"1 di 7\"><figure class=\"swiper-slide-inner\"><img decoding=\"async\" class=\"swiper-slide-image\" src=\"https:\/\/hotelschoenegg.at\/wp-content\/uploads\/2024\/10\/skz_bad10_gr-750x499-1-768x511.jpg\" alt=\"\u00d6ffentliches Schwimmbad von Seefeld\" \/><\/figure><\/div><div class=\"swiper-slide\" role=\"group\" aria-roledescription=\"slide\" aria-label=\"2 di 7\"><figure class=\"swiper-slide-inner\"><img decoding=\"async\" class=\"swiper-slide-image\" src=\"https:\/\/hotelschoenegg.at\/wp-content\/uploads\/2024\/10\/skz_bad9_gr-750x499-1-768x511.jpg\" alt=\"Schwimmbad von Seefeld\" \/><\/figure><\/div><div class=\"swiper-slide\" role=\"group\" aria-roledescription=\"slide\" aria-label=\"3 di 7\"><figure class=\"swiper-slide-inner\"><img decoding=\"async\" class=\"swiper-slide-image\" src=\"https:\/\/hotelschoenegg.at\/wp-content\/uploads\/2021\/10\/Olympiabad-Seefeld-Innenpool-768x512.jpg\" alt=\"\u00f6ffentliches Schwimmbad Region Seefeld\" \/><\/figure><\/div><div class=\"swiper-slide\" role=\"group\" aria-roledescription=\"slide\" aria-label=\"4 di 7\"><figure class=\"swiper-slide-inner\"><img decoding=\"async\" class=\"swiper-slide-image\" src=\"https:\/\/hotelschoenegg.at\/wp-content\/uploads\/2024\/10\/Olympiabad-Kinder-768x511.jpg\" alt=\"\u00d6ffentliches Schwimmbad von Seefeld\" \/><\/figure><\/div><div class=\"swiper-slide\" role=\"group\" aria-roledescription=\"slide\" aria-label=\"5 di 7\"><figure class=\"swiper-slide-inner\"><img decoding=\"async\" class=\"swiper-slide-image\" src=\"https:\/\/hotelschoenegg.at\/wp-content\/uploads\/2024\/01\/Olympiabad-Rutsche-aussen-2-768x513.jpg\" alt=\"\u00f6ffentliches Schwimmbad Region Seefeld\" \/><\/figure><\/div><div class=\"swiper-slide\" role=\"group\" aria-roledescription=\"slide\" aria-label=\"6 di 7\"><figure class=\"swiper-slide-inner\"><img decoding=\"async\" class=\"swiper-slide-image\" src=\"https:\/\/hotelschoenegg.at\/wp-content\/uploads\/2024\/01\/seefeld_strandbad-768x510.jpg\" alt=\"Region Seefeld Strandbad\" \/><\/figure><\/div><div class=\"swiper-slide\" role=\"group\" aria-roledescription=\"slide\" aria-label=\"7 di 7\"><figure class=\"swiper-slide-inner\"><img decoding=\"async\" class=\"swiper-slide-image\" src=\"https:\/\/hotelschoenegg.at\/wp-content\/uploads\/2024\/01\/Familie-im-Tretboot-auf-dem-See-Seefeld-1-768x512.jpg\" alt=\"Familien Sommer Shooting in der Olympiaregion Seefeld 2020\" \/><\/figure><\/div>\t\t\t<\/div>\n\t\t\t\t\t\t\t\t\t\t\t\t<div class=\"elementor-swiper-button elementor-swiper-button-prev\" role=\"button\" tabindex=\"0\">\n\t\t\t\t\t\t<i aria-hidden=\"true\" class=\"eicon-chevron-left\"><\/i>\t\t\t\t\t<\/div>\n\t\t\t\t\t<div class=\"elementor-swiper-button elementor-swiper-button-next\" role=\"button\" tabindex=\"0\">\n\t\t\t\t\t\t<i aria-hidden=\"true\" class=\"eicon-chevron-right\"><\/i>\t\t\t\t\t<\/div>\n\t\t\t\t\n\t\t\t\t\t\t\t\t\t<\/div>\n\t\t\t\t\t\t<\/div>\n\t\t\t\t<\/div>\n\t\t\t\t\t<\/div>\n\t\t<\/div>\n\t\t\t\t\t<\/div>\n\t\t<\/section>\n\t\t\t\t<section class=\"elementor-section elementor-top-section elementor-element elementor-element-1062975 elementor-section-boxed elementor-section-height-default elementor-section-height-default\" data-id=\"1062975\" data-element_type=\"section\" data-e-type=\"section\">\n\t\t\t\t\t\t<div class=\"elementor-container elementor-column-gap-wide\">\n\t\t\t\t\t<div class=\"elementor-column elementor-col-50 elementor-top-column elementor-element elementor-element-ba8692f\" data-id=\"ba8692f\" data-element_type=\"column\" data-e-type=\"column\">\n\t\t\t<div class=\"elementor-widget-wrap elementor-element-populated\">\n\t\t\t\t\t\t<div class=\"elementor-element elementor-element-f5dec07 animated-slow e-transform elementor-arrows-position-inside elementor-invisible elementor-widget elementor-widget-image-carousel\" data-id=\"f5dec07\" data-element_type=\"widget\" data-e-type=\"widget\" data-settings=\"{&quot;slides_to_show&quot;:&quot;1&quot;,&quot;navigation&quot;:&quot;arrows&quot;,&quot;_animation&quot;:&quot;slideInLeft&quot;,&quot;_animation_delay&quot;:0,&quot;_transform_flipX_effect&quot;:&quot;transform&quot;,&quot;autoplay&quot;:&quot;yes&quot;,&quot;pause_on_hover&quot;:&quot;yes&quot;,&quot;pause_on_interaction&quot;:&quot;yes&quot;,&quot;autoplay_speed&quot;:5000,&quot;infinite&quot;:&quot;yes&quot;,&quot;effect&quot;:&quot;slide&quot;,&quot;speed&quot;:500}\" data-widget_type=\"image-carousel.default\">\n\t\t\t\t<div class=\"elementor-widget-container\">\n\t\t\t\t\t\t\t<div class=\"elementor-image-carousel-wrapper swiper\" role=\"region\" aria-roledescription=\"carousel\" aria-label=\"Bild Karussell\" dir=\"ltr\">\n\t\t\t<div class=\"elementor-image-carousel swiper-wrapper swiper-image-stretch\" aria-live=\"off\">\n\t\t\t\t\t\t\t\t<div class=\"swiper-slide\" role=\"group\" aria-roledescription=\"slide\" aria-label=\"1 di 3\"><figure class=\"swiper-slide-inner\"><img decoding=\"async\" class=\"swiper-slide-image\" src=\"https:\/\/hotelschoenegg.at\/wp-content\/uploads\/2021\/11\/hotel-schoenegg-seefeld-feb-2020-\u00a9DavidJohansson-4294-HDR-web-1-768x512.jpg\" alt=\"hotel-schoenegg-seefeld Sauna\" \/><\/figure><\/div><div class=\"swiper-slide\" role=\"group\" aria-roledescription=\"slide\" aria-label=\"2 di 3\"><figure class=\"swiper-slide-inner\"><img decoding=\"async\" class=\"swiper-slide-image\" src=\"https:\/\/hotelschoenegg.at\/wp-content\/uploads\/2021\/11\/hotel-schoenegg-seefeld-feb-2020-\u00a9DavidJohansson-4341-HDR-web5-1-768x512.jpg\" alt=\"hotel-schoenegg-seefeld Sauna\" \/><\/figure><\/div><div class=\"swiper-slide\" role=\"group\" aria-roledescription=\"slide\" aria-label=\"3 di 3\"><figure class=\"swiper-slide-inner\"><img decoding=\"async\" class=\"swiper-slide-image\" src=\"https:\/\/hotelschoenegg.at\/wp-content\/uploads\/2021\/11\/hotel-schoenegg-seefeld-feb-2020-\u00a9DavidJohansson-4325-HDR-web-1-768x512.jpg\" alt=\"hotel-schoenegg-seefeld Sauna\" \/><\/figure><\/div>\t\t\t<\/div>\n\t\t\t\t\t\t\t\t\t\t\t\t<div class=\"elementor-swiper-button elementor-swiper-button-prev\" role=\"button\" tabindex=\"0\">\n\t\t\t\t\t\t<i aria-hidden=\"true\" class=\"eicon-chevron-left\"><\/i>\t\t\t\t\t<\/div>\n\t\t\t\t\t<div class=\"elementor-swiper-button elementor-swiper-button-next\" role=\"button\" tabindex=\"0\">\n\t\t\t\t\t\t<i aria-hidden=\"true\" class=\"eicon-chevron-right\"><\/i>\t\t\t\t\t<\/div>\n\t\t\t\t\n\t\t\t\t\t\t\t\t\t<\/div>\n\t\t\t\t\t\t<\/div>\n\t\t\t\t<\/div>\n\t\t\t\t\t<\/div>\n\t\t<\/div>\n\t\t\t\t<div class=\"elementor-column elementor-col-50 elementor-top-column elementor-element elementor-element-3fc8821\" data-id=\"3fc8821\" data-element_type=\"column\" data-e-type=\"column\">\n\t\t\t<div class=\"elementor-widget-wrap elementor-element-populated\">\n\t\t\t\t\t\t<div class=\"elementor-element elementor-element-e4840d9 elementor-widget elementor-widget-heading\" data-id=\"e4840d9\" data-element_type=\"widget\" data-e-type=\"widget\" data-widget_type=\"heading.default\">\n\t\t\t\t<div class=\"elementor-widget-container\">\n\t\t\t\t\t<h2 class=\"elementor-heading-title elementor-size-default\">Sauna<\/h2>\t\t\t\t<\/div>\n\t\t\t\t<\/div>\n\t\t\t\t<div class=\"elementor-element elementor-element-21ef3bf elementor-widget elementor-widget-text-editor\" data-id=\"21ef3bf\" data-element_type=\"widget\" data-e-type=\"widget\" data-widget_type=\"text-editor.default\">\n\t\t\t\t<div class=\"elementor-widget-container\">\n\t\t\t\t\t\t\t\t\t<p>Sauna finlandese \u2013 sedia infrarossi \u2013 bagno turco per 2 persone<\/p>\n<p>Dopo una giornata attiva, rilassatevi nel nostro Schwe arium e fate nuovi progetti per il giorno successivo. Sudate nella nostra sauna finlandese \u2013 o godete dell\u00b4effetto rigenerativo sulla nostra sedia a infrarossi o bagno turco. Riscoprire il piacere dell\u00b4acqua con la doccia a massaggio, dotata di diffusori di nebbia fredda. Nella nostra zona relax vi sentirete a vostro agio, immersi nell\u00b4aroma del fieno.<\/p>\n<p>E mentre vi rilassate, vi prepareremo un menu serale con i fiocchi. Godetevi le Vostre vacanze!<\/p>\n\t\t\t\t\t\t\t\t<\/div>\n\t\t\t\t<\/div>\n\t\t\t\t\t<\/div>\n\t\t<\/div>\n\t\t\t\t\t<\/div>\n\t\t<\/section>\n\t\t\t\t<section class=\"elementor-section elementor-top-section elementor-element elementor-element-a800a3e elementor-section-boxed elementor-section-height-default elementor-section-height-default\" data-id=\"a800a3e\" data-element_type=\"section\" data-e-type=\"section\">\n\t\t\t\t\t\t<div class=\"elementor-container elementor-column-gap-wide\">\n\t\t\t\t\t<div class=\"elementor-column elementor-col-50 elementor-top-column elementor-element elementor-element-34f3962\" data-id=\"34f3962\" data-element_type=\"column\" data-e-type=\"column\">\n\t\t\t<div class=\"elementor-widget-wrap elementor-element-populated\">\n\t\t\t\t\t\t<div class=\"elementor-element elementor-element-076bd37 elementor-widget elementor-widget-heading\" data-id=\"076bd37\" data-element_type=\"widget\" data-e-type=\"widget\" data-widget_type=\"heading.default\">\n\t\t\t\t<div class=\"elementor-widget-container\">\n\t\t\t\t\t<h2 class=\"elementor-heading-title elementor-size-default\">Estate a Seefeld<\/h2>\t\t\t\t<\/div>\n\t\t\t\t<\/div>\n\t\t\t\t<div class=\"elementor-element elementor-element-172fcfd elementor-widget elementor-widget-text-editor\" data-id=\"172fcfd\" data-element_type=\"widget\" data-e-type=\"widget\" data-widget_type=\"text-editor.default\">\n\t\t\t\t<div class=\"elementor-widget-container\">\n\t\t\t\t\t\t\t\t\t<p>Seefeld vi attira con una vasta gamma di attivit\u00e0 ed esperienze. Che si tratti di escursioni a piedi, in bicicletta o culturali, Seefeld vi offre il pacchetto completo. Il nostro grande giardino, di propriet\u00e0 dell\u2019hotel, vi invita a dimenticare la vita quotidiana e a ricaricare le vostre riserve di energia. Coloro che preferiscono l\u2019eccitazione possono raggiungere innumerevoli punti di partenza per varie avventure in pochi minuti a piedi.<\/p>\n\t\t\t\t\t\t\t\t<\/div>\n\t\t\t\t<\/div>\n\t\t\t\t<div class=\"elementor-element elementor-element-71a3d13 elementor-align-center elementor-widget elementor-widget-button\" data-id=\"71a3d13\" data-element_type=\"widget\" data-e-type=\"widget\" data-widget_type=\"button.default\">\n\t\t\t\t<div class=\"elementor-widget-container\">\n\t\t\t\t\t\t\t\t\t<div class=\"elementor-button-wrapper\">\n\t\t\t\t\t<a class=\"elementor-button elementor-button-link elementor-size-sm\" href=\"https:\/\/hotelschoenegg.at\/it\/eventi-nella-regione-di-seefeld\/\">\n\t\t\t\t\t\t<span class=\"elementor-button-content-wrapper\">\n\t\t\t\t\t\t\t\t\t<span class=\"elementor-button-text\">Eventi e manifestazioni nella regione di Seefeld<\/span>\n\t\t\t\t\t<\/span>\n\t\t\t\t\t<\/a>\n\t\t\t\t<\/div>\n\t\t\t\t\t\t\t\t<\/div>\n\t\t\t\t<\/div>\n\t\t\t\t\t<\/div>\n\t\t<\/div>\n\t\t\t\t<div class=\"elementor-column elementor-col-50 elementor-top-column elementor-element elementor-element-632d8a3\" data-id=\"632d8a3\" data-element_type=\"column\" data-e-type=\"column\">\n\t\t\t<div class=\"elementor-widget-wrap elementor-element-populated\">\n\t\t\t\t\t\t<div class=\"elementor-element elementor-element-433c011 elementor-widget__width-initial e-transform elementor-invisible elementor-widget elementor-widget-image\" data-id=\"433c011\" data-element_type=\"widget\" data-e-type=\"widget\" data-settings=\"{&quot;_animation&quot;:&quot;fadeInRight&quot;,&quot;_transform_flipX_effect&quot;:&quot;transform&quot;}\" data-widget_type=\"image.default\">\n\t\t\t\t<div class=\"elementor-widget-container\">\n\t\t\t\t\t\t\t\t\t\t\t\t\t\t\t<img loading=\"lazy\" decoding=\"async\" width=\"800\" height=\"533\" src=\"https:\/\/hotelschoenegg.at\/wp-content\/uploads\/2021\/10\/Seefeld-Seekirchl-1024x682.jpg\" class=\"attachment-large size-large wp-image-1313\" alt=\"\" srcset=\"https:\/\/hotelschoenegg.at\/wp-content\/uploads\/2021\/10\/Seefeld-Seekirchl-1024x682.jpg 1024w, https:\/\/hotelschoenegg.at\/wp-content\/uploads\/2021\/10\/Seefeld-Seekirchl-300x200.jpg 300w, https:\/\/hotelschoenegg.at\/wp-content\/uploads\/2021\/10\/Seefeld-Seekirchl-768x512.jpg 768w, https:\/\/hotelschoenegg.at\/wp-content\/uploads\/2021\/10\/Seefeld-Seekirchl-1536x1024.jpg 1536w, https:\/\/hotelschoenegg.at\/wp-content\/uploads\/2021\/10\/Seefeld-Seekirchl.jpg 2000w\" sizes=\"(max-width: 800px) 100vw, 800px\" \/>\t\t\t\t\t\t\t\t\t\t\t\t\t\t\t<\/div>\n\t\t\t\t<\/div>\n\t\t\t\t\t<\/div>\n\t\t<\/div>\n\t\t\t\t\t<\/div>\n\t\t<\/section>\n\t\t\t\t<section class=\"elementor-section elementor-top-section elementor-element elementor-element-2a0f441 elementor-section-boxed elementor-section-height-default elementor-section-height-default\" data-id=\"2a0f441\" data-element_type=\"section\" data-e-type=\"section\">\n\t\t\t\t\t\t<div class=\"elementor-container elementor-column-gap-wide\">\n\t\t\t\t\t<div class=\"elementor-column elementor-col-50 elementor-top-column elementor-element elementor-element-9599dc2\" data-id=\"9599dc2\" data-element_type=\"column\" data-e-type=\"column\">\n\t\t\t<div class=\"elementor-widget-wrap elementor-element-populated\">\n\t\t\t\t\t\t<div class=\"elementor-element elementor-element-b586ddb e-transform e-transform e-transform e-transform elementor-widget__width-initial e-transform elementor-invisible elementor-widget elementor-widget-image\" data-id=\"b586ddb\" data-element_type=\"widget\" data-e-type=\"widget\" data-settings=\"{&quot;_animation&quot;:&quot;fadeInLeft&quot;,&quot;_transform_rotateZ_effect&quot;:{&quot;unit&quot;:&quot;px&quot;,&quot;size&quot;:-360,&quot;sizes&quot;:[]},&quot;_transform_flipX_effect&quot;:&quot;transform&quot;,&quot;_transform_rotateZ_effect_laptop&quot;:{&quot;unit&quot;:&quot;deg&quot;,&quot;size&quot;:&quot;&quot;,&quot;sizes&quot;:[]},&quot;_transform_rotateZ_effect_tablet_extra&quot;:{&quot;unit&quot;:&quot;deg&quot;,&quot;size&quot;:&quot;&quot;,&quot;sizes&quot;:[]},&quot;_transform_rotateZ_effect_tablet&quot;:{&quot;unit&quot;:&quot;deg&quot;,&quot;size&quot;:&quot;&quot;,&quot;sizes&quot;:[]},&quot;_transform_rotateZ_effect_mobile&quot;:{&quot;unit&quot;:&quot;deg&quot;,&quot;size&quot;:&quot;&quot;,&quot;sizes&quot;:[]},&quot;_transform_translateX_effect&quot;:{&quot;unit&quot;:&quot;px&quot;,&quot;size&quot;:&quot;&quot;,&quot;sizes&quot;:[]},&quot;_transform_translateX_effect_laptop&quot;:{&quot;unit&quot;:&quot;px&quot;,&quot;size&quot;:&quot;&quot;,&quot;sizes&quot;:[]},&quot;_transform_translateX_effect_tablet_extra&quot;:{&quot;unit&quot;:&quot;px&quot;,&quot;size&quot;:&quot;&quot;,&quot;sizes&quot;:[]},&quot;_transform_translateX_effect_tablet&quot;:{&quot;unit&quot;:&quot;px&quot;,&quot;size&quot;:&quot;&quot;,&quot;sizes&quot;:[]},&quot;_transform_translateX_effect_mobile&quot;:{&quot;unit&quot;:&quot;px&quot;,&quot;size&quot;:&quot;&quot;,&quot;sizes&quot;:[]},&quot;_transform_translateY_effect&quot;:{&quot;unit&quot;:&quot;px&quot;,&quot;size&quot;:&quot;&quot;,&quot;sizes&quot;:[]},&quot;_transform_translateY_effect_laptop&quot;:{&quot;unit&quot;:&quot;px&quot;,&quot;size&quot;:&quot;&quot;,&quot;sizes&quot;:[]},&quot;_transform_translateY_effect_tablet_extra&quot;:{&quot;unit&quot;:&quot;px&quot;,&quot;size&quot;:&quot;&quot;,&quot;sizes&quot;:[]},&quot;_transform_translateY_effect_tablet&quot;:{&quot;unit&quot;:&quot;px&quot;,&quot;size&quot;:&quot;&quot;,&quot;sizes&quot;:[]},&quot;_transform_translateY_effect_mobile&quot;:{&quot;unit&quot;:&quot;px&quot;,&quot;size&quot;:&quot;&quot;,&quot;sizes&quot;:[]},&quot;_transform_scale_effect&quot;:{&quot;unit&quot;:&quot;px&quot;,&quot;size&quot;:&quot;&quot;,&quot;sizes&quot;:[]},&quot;_transform_scale_effect_laptop&quot;:{&quot;unit&quot;:&quot;px&quot;,&quot;size&quot;:&quot;&quot;,&quot;sizes&quot;:[]},&quot;_transform_scale_effect_tablet_extra&quot;:{&quot;unit&quot;:&quot;px&quot;,&quot;size&quot;:&quot;&quot;,&quot;sizes&quot;:[]},&quot;_transform_scale_effect_tablet&quot;:{&quot;unit&quot;:&quot;px&quot;,&quot;size&quot;:&quot;&quot;,&quot;sizes&quot;:[]},&quot;_transform_scale_effect_mobile&quot;:{&quot;unit&quot;:&quot;px&quot;,&quot;size&quot;:&quot;&quot;,&quot;sizes&quot;:[]},&quot;_transform_skewX_effect&quot;:{&quot;unit&quot;:&quot;px&quot;,&quot;size&quot;:&quot;&quot;,&quot;sizes&quot;:[]},&quot;_transform_skewX_effect_laptop&quot;:{&quot;unit&quot;:&quot;deg&quot;,&quot;size&quot;:&quot;&quot;,&quot;sizes&quot;:[]},&quot;_transform_skewX_effect_tablet_extra&quot;:{&quot;unit&quot;:&quot;deg&quot;,&quot;size&quot;:&quot;&quot;,&quot;sizes&quot;:[]},&quot;_transform_skewX_effect_tablet&quot;:{&quot;unit&quot;:&quot;deg&quot;,&quot;size&quot;:&quot;&quot;,&quot;sizes&quot;:[]},&quot;_transform_skewX_effect_mobile&quot;:{&quot;unit&quot;:&quot;deg&quot;,&quot;size&quot;:&quot;&quot;,&quot;sizes&quot;:[]},&quot;_transform_skewY_effect&quot;:{&quot;unit&quot;:&quot;px&quot;,&quot;size&quot;:&quot;&quot;,&quot;sizes&quot;:[]},&quot;_transform_skewY_effect_laptop&quot;:{&quot;unit&quot;:&quot;deg&quot;,&quot;size&quot;:&quot;&quot;,&quot;sizes&quot;:[]},&quot;_transform_skewY_effect_tablet_extra&quot;:{&quot;unit&quot;:&quot;deg&quot;,&quot;size&quot;:&quot;&quot;,&quot;sizes&quot;:[]},&quot;_transform_skewY_effect_tablet&quot;:{&quot;unit&quot;:&quot;deg&quot;,&quot;size&quot;:&quot;&quot;,&quot;sizes&quot;:[]},&quot;_transform_skewY_effect_mobile&quot;:{&quot;unit&quot;:&quot;deg&quot;,&quot;size&quot;:&quot;&quot;,&quot;sizes&quot;:[]}}\" data-widget_type=\"image.default\">\n\t\t\t\t<div class=\"elementor-widget-container\">\n\t\t\t\t\t\t\t\t\t\t\t\t\t\t\t<img loading=\"lazy\" decoding=\"async\" width=\"800\" height=\"533\" src=\"https:\/\/hotelschoenegg.at\/wp-content\/uploads\/2021\/10\/Langlaufen-Seefeld-Seekirchl-1024x682.jpg\" class=\"attachment-large size-large wp-image-1316\" alt=\"\" srcset=\"https:\/\/hotelschoenegg.at\/wp-content\/uploads\/2021\/10\/Langlaufen-Seefeld-Seekirchl-1024x682.jpg 1024w, https:\/\/hotelschoenegg.at\/wp-content\/uploads\/2021\/10\/Langlaufen-Seefeld-Seekirchl-300x200.jpg 300w, https:\/\/hotelschoenegg.at\/wp-content\/uploads\/2021\/10\/Langlaufen-Seefeld-Seekirchl-768x512.jpg 768w, https:\/\/hotelschoenegg.at\/wp-content\/uploads\/2021\/10\/Langlaufen-Seefeld-Seekirchl-1536x1024.jpg 1536w, https:\/\/hotelschoenegg.at\/wp-content\/uploads\/2021\/10\/Langlaufen-Seefeld-Seekirchl.jpg 2000w\" sizes=\"(max-width: 800px) 100vw, 800px\" \/>\t\t\t\t\t\t\t\t\t\t\t\t\t\t\t<\/div>\n\t\t\t\t<\/div>\n\t\t\t\t\t<\/div>\n\t\t<\/div>\n\t\t\t\t<div class=\"elementor-column elementor-col-50 elementor-top-column elementor-element elementor-element-7bb6ad2\" data-id=\"7bb6ad2\" data-element_type=\"column\" data-e-type=\"column\">\n\t\t\t<div class=\"elementor-widget-wrap elementor-element-populated\">\n\t\t\t\t\t\t<div class=\"elementor-element elementor-element-30106a8 elementor-widget elementor-widget-heading\" data-id=\"30106a8\" data-element_type=\"widget\" data-e-type=\"widget\" data-widget_type=\"heading.default\">\n\t\t\t\t<div class=\"elementor-widget-container\">\n\t\t\t\t\t<h2 class=\"elementor-heading-title elementor-size-default\">Inverno a Seefeld<\/h2>\t\t\t\t<\/div>\n\t\t\t\t<\/div>\n\t\t\t\t<div class=\"elementor-element elementor-element-10b10e2 elementor-widget elementor-widget-text-editor\" data-id=\"10b10e2\" data-element_type=\"widget\" data-e-type=\"widget\" data-widget_type=\"text-editor.default\">\n\t\t\t\t<div class=\"elementor-widget-container\">\n\t\t\t\t\t\t\t\t\t<p>L\u2019idilliaca coltre di neve che copre Seefeld in inverno \u00e8 un vero spettacolo per gli occhi. Sia che preferiate trascorrere una giornata in un centro benessere nell\u2019Olympiapad Seefeld o che preferiate lavorare sulla vasta rete di piste da sci di fondo, ogni ospite ha il suo tornaconto nell\u2019invernale Seefeld. Il comprensorio sciistico e i vari sentieri escursionistici invernali sono anche a pochi minuti a piedi dal nostro hotel.<\/p>\n\t\t\t\t\t\t\t\t<\/div>\n\t\t\t\t<\/div>\n\t\t\t\t<div class=\"elementor-element elementor-element-66128d4 elementor-align-center elementor-widget elementor-widget-button\" data-id=\"66128d4\" data-element_type=\"widget\" data-e-type=\"widget\" data-widget_type=\"button.default\">\n\t\t\t\t<div class=\"elementor-widget-container\">\n\t\t\t\t\t\t\t\t\t<div class=\"elementor-button-wrapper\">\n\t\t\t\t\t<a class=\"elementor-button elementor-button-link elementor-size-sm\" href=\"https:\/\/hotelschoenegg.at\/it\/eventi-nella-regione-di-seefeld\/\">\n\t\t\t\t\t\t<span class=\"elementor-button-content-wrapper\">\n\t\t\t\t\t\t\t\t\t<span class=\"elementor-button-text\">Eventi e manifestazioni nella regione di Seefeld<\/span>\n\t\t\t\t\t<\/span>\n\t\t\t\t\t<\/a>\n\t\t\t\t<\/div>\n\t\t\t\t\t\t\t\t<\/div>\n\t\t\t\t<\/div>\n\t\t\t\t\t<\/div>\n\t\t<\/div>\n\t\t\t\t\t<\/div>\n\t\t<\/section>\n\t\t\t\t<\/div>\n\t\t","protected":false},"excerpt":{"rendered":"<p>Vacanze all&#8217;Hotel Sch\u00f6negg a Seefeld Tirolo Benvenuti all&#8217;Hotel Sch\u00f6negg Il nostro albergo con un\u2019atmosfera familiare unisce fascino e autenticit\u00e0 e offre ai nostri clienti una vacanza indimenticabile, dando loro la sensazione di sentirsi \u201ecome a casa propria\u201c . Molti ospiti che ci visitano da generazioni sono diventati veri amici, ritornano con i propri figli e [&hellip;]<\/p>\n","protected":false},"author":3,"featured_media":11781,"parent":0,"menu_order":1,"comment_status":"closed","ping_status":"closed","template":"","meta":{"footnotes":""},"class_list":["post-2066","page","type-page","status-publish","has-post-thumbnail","hentry"],"yoast_head":"<!-- This site is optimized with the Yoast SEO plugin v27.5 - https:\/\/yoast.com\/product\/yoast-seo-wordpress\/ -->\n<title>Hotel Sch\u00f6negg | Region Seefeld, Tirol<\/title>\n<meta name=\"description\" content=\"L&#039;hotel a conduzione familiare si trova in una posizione privilegiata nel centro di Seefeld e offre il punto di partenza perfetto per il golf, lo sci di fondo, l&#039;escursionismo e molto altro.\" \/>\n<meta name=\"robots\" content=\"index, follow, max-snippet:-1, max-image-preview:large, max-video-preview:-1\" \/>\n<link rel=\"canonical\" href=\"https:\/\/hotelschoenegg.at\/it\/\" \/>\n<meta property=\"og:locale\" content=\"it_IT\" \/>\n<meta property=\"og:type\" content=\"article\" \/>\n<meta property=\"og:title\" content=\"Hotel Sch\u00f6negg | Region Seefeld, Tirol\" \/>\n<meta property=\"og:description\" content=\"L&#039;hotel a conduzione familiare si trova in una posizione privilegiata nel centro di Seefeld e offre il punto di partenza perfetto per il golf, lo sci di fondo, l&#039;escursionismo e molto altro.\" \/>\n<meta property=\"og:url\" content=\"https:\/\/hotelschoenegg.at\/it\/\" \/>\n<meta property=\"og:site_name\" content=\"Hotel Sch\u00f6negg\" \/>\n<meta property=\"article:modified_time\" content=\"2026-03-04T18:34:35+00:00\" \/>\n<meta property=\"og:image\" content=\"https:\/\/hotelschoenegg.at\/wp-content\/uploads\/2026\/01\/Hotel-Schoenegg-Seefeld-Winter-Loipe-booking.jpg\" \/>\n\t<meta property=\"og:image:width\" content=\"2511\" \/>\n\t<meta property=\"og:image:height\" content=\"2544\" \/>\n\t<meta property=\"og:image:type\" content=\"image\/jpeg\" \/>\n<meta name=\"twitter:card\" content=\"summary_large_image\" \/>\n<meta name=\"twitter:label1\" content=\"Tempo di lettura stimato\" \/>\n\t<meta name=\"twitter:data1\" content=\"10 minuti\" \/>\n<script type=\"application\/ld+json\" class=\"yoast-schema-graph\">{\"@context\":\"https:\\\/\\\/schema.org\",\"@graph\":[{\"@type\":\"WebPage\",\"@id\":\"https:\\\/\\\/hotelschoenegg.at\\\/it\\\/\",\"url\":\"https:\\\/\\\/hotelschoenegg.at\\\/it\\\/\",\"name\":\"Hotel Sch\u00f6negg | Region Seefeld, Tirol\",\"isPartOf\":{\"@id\":\"https:\\\/\\\/hotelschoenegg.at\\\/it\\\/#website\"},\"primaryImageOfPage\":{\"@id\":\"https:\\\/\\\/hotelschoenegg.at\\\/it\\\/#primaryimage\"},\"image\":{\"@id\":\"https:\\\/\\\/hotelschoenegg.at\\\/it\\\/#primaryimage\"},\"thumbnailUrl\":\"https:\\\/\\\/hotelschoenegg.at\\\/wp-content\\\/uploads\\\/2026\\\/01\\\/Hotel-Schoenegg-Seefeld-Winter-Loipe-booking.jpg\",\"datePublished\":\"2021-11-19T13:39:08+00:00\",\"dateModified\":\"2026-03-04T18:34:35+00:00\",\"description\":\"L'hotel a conduzione familiare si trova in una posizione privilegiata nel centro di Seefeld e offre il punto di partenza perfetto per il golf, lo sci di fondo, l'escursionismo e molto altro.\",\"breadcrumb\":{\"@id\":\"https:\\\/\\\/hotelschoenegg.at\\\/it\\\/#breadcrumb\"},\"inLanguage\":\"it-IT\",\"potentialAction\":[{\"@type\":\"ReadAction\",\"target\":[\"https:\\\/\\\/hotelschoenegg.at\\\/it\\\/\"]}]},{\"@type\":\"ImageObject\",\"inLanguage\":\"it-IT\",\"@id\":\"https:\\\/\\\/hotelschoenegg.at\\\/it\\\/#primaryimage\",\"url\":\"https:\\\/\\\/hotelschoenegg.at\\\/wp-content\\\/uploads\\\/2026\\\/01\\\/Hotel-Schoenegg-Seefeld-Winter-Loipe-booking.jpg\",\"contentUrl\":\"https:\\\/\\\/hotelschoenegg.at\\\/wp-content\\\/uploads\\\/2026\\\/01\\\/Hotel-Schoenegg-Seefeld-Winter-Loipe-booking.jpg\",\"width\":2511,\"height\":2544},{\"@type\":\"BreadcrumbList\",\"@id\":\"https:\\\/\\\/hotelschoenegg.at\\\/it\\\/#breadcrumb\",\"itemListElement\":[{\"@type\":\"ListItem\",\"position\":1,\"name\":\"Startseite\",\"item\":\"https:\\\/\\\/hotelschoenegg.at\\\/it\\\/\"},{\"@type\":\"ListItem\",\"position\":2,\"name\":\"Benvenuti a Hotel Sch\u00f6negg, Seefeld, Tirolo\"}]},{\"@type\":\"WebSite\",\"@id\":\"https:\\\/\\\/hotelschoenegg.at\\\/it\\\/#website\",\"url\":\"https:\\\/\\\/hotelschoenegg.at\\\/it\\\/\",\"name\":\"Hotel Sch\u00f6negg\",\"description\":\"Famili\u00e4res Hotel in Seefeld\",\"potentialAction\":[{\"@type\":\"SearchAction\",\"target\":{\"@type\":\"EntryPoint\",\"urlTemplate\":\"https:\\\/\\\/hotelschoenegg.at\\\/it\\\/?s={search_term_string}\"},\"query-input\":{\"@type\":\"PropertyValueSpecification\",\"valueRequired\":true,\"valueName\":\"search_term_string\"}}],\"inLanguage\":\"it-IT\"}]}<\/script>\n<!-- \/ Yoast SEO plugin. -->","yoast_head_json":{"title":"Hotel Sch\u00f6negg | Region Seefeld, Tirol","description":"L'hotel a conduzione familiare si trova in una posizione privilegiata nel centro di Seefeld e offre il punto di partenza perfetto per il golf, lo sci di fondo, l'escursionismo e molto altro.","robots":{"index":"index","follow":"follow","max-snippet":"max-snippet:-1","max-image-preview":"max-image-preview:large","max-video-preview":"max-video-preview:-1"},"canonical":"https:\/\/hotelschoenegg.at\/it\/","og_locale":"it_IT","og_type":"article","og_title":"Hotel Sch\u00f6negg | Region Seefeld, Tirol","og_description":"L'hotel a conduzione familiare si trova in una posizione privilegiata nel centro di Seefeld e offre il punto di partenza perfetto per il golf, lo sci di fondo, l'escursionismo e molto altro.","og_url":"https:\/\/hotelschoenegg.at\/it\/","og_site_name":"Hotel Sch\u00f6negg","article_modified_time":"2026-03-04T18:34:35+00:00","og_image":[{"width":2511,"height":2544,"url":"https:\/\/hotelschoenegg.at\/wp-content\/uploads\/2026\/01\/Hotel-Schoenegg-Seefeld-Winter-Loipe-booking.jpg","type":"image\/jpeg"}],"twitter_card":"summary_large_image","twitter_misc":{"Tempo di lettura stimato":"10 minuti"},"schema":{"@context":"https:\/\/schema.org","@graph":[{"@type":"WebPage","@id":"https:\/\/hotelschoenegg.at\/it\/","url":"https:\/\/hotelschoenegg.at\/it\/","name":"Hotel Sch\u00f6negg | Region Seefeld, Tirol","isPartOf":{"@id":"https:\/\/hotelschoenegg.at\/it\/#website"},"primaryImageOfPage":{"@id":"https:\/\/hotelschoenegg.at\/it\/#primaryimage"},"image":{"@id":"https:\/\/hotelschoenegg.at\/it\/#primaryimage"},"thumbnailUrl":"https:\/\/hotelschoenegg.at\/wp-content\/uploads\/2026\/01\/Hotel-Schoenegg-Seefeld-Winter-Loipe-booking.jpg","datePublished":"2021-11-19T13:39:08+00:00","dateModified":"2026-03-04T18:34:35+00:00","description":"L'hotel a conduzione familiare si trova in una posizione privilegiata nel centro di Seefeld e offre il punto di partenza perfetto per il golf, lo sci di fondo, l'escursionismo e molto altro.","breadcrumb":{"@id":"https:\/\/hotelschoenegg.at\/it\/#breadcrumb"},"inLanguage":"it-IT","potentialAction":[{"@type":"ReadAction","target":["https:\/\/hotelschoenegg.at\/it\/"]}]},{"@type":"ImageObject","inLanguage":"it-IT","@id":"https:\/\/hotelschoenegg.at\/it\/#primaryimage","url":"https:\/\/hotelschoenegg.at\/wp-content\/uploads\/2026\/01\/Hotel-Schoenegg-Seefeld-Winter-Loipe-booking.jpg","contentUrl":"https:\/\/hotelschoenegg.at\/wp-content\/uploads\/2026\/01\/Hotel-Schoenegg-Seefeld-Winter-Loipe-booking.jpg","width":2511,"height":2544},{"@type":"BreadcrumbList","@id":"https:\/\/hotelschoenegg.at\/it\/#breadcrumb","itemListElement":[{"@type":"ListItem","position":1,"name":"Startseite","item":"https:\/\/hotelschoenegg.at\/it\/"},{"@type":"ListItem","position":2,"name":"Benvenuti a Hotel Sch\u00f6negg, Seefeld, Tirolo"}]},{"@type":"WebSite","@id":"https:\/\/hotelschoenegg.at\/it\/#website","url":"https:\/\/hotelschoenegg.at\/it\/","name":"Hotel Sch\u00f6negg","description":"Famili\u00e4res Hotel in Seefeld","potentialAction":[{"@type":"SearchAction","target":{"@type":"EntryPoint","urlTemplate":"https:\/\/hotelschoenegg.at\/it\/?s={search_term_string}"},"query-input":{"@type":"PropertyValueSpecification","valueRequired":true,"valueName":"search_term_string"}}],"inLanguage":"it-IT"}]}},"_links":{"self":[{"href":"https:\/\/hotelschoenegg.at\/it\/wp-json\/wp\/v2\/pages\/2066","targetHints":{"allow":["GET"]}}],"collection":[{"href":"https:\/\/hotelschoenegg.at\/it\/wp-json\/wp\/v2\/pages"}],"about":[{"href":"https:\/\/hotelschoenegg.at\/it\/wp-json\/wp\/v2\/types\/page"}],"author":[{"embeddable":true,"href":"https:\/\/hotelschoenegg.at\/it\/wp-json\/wp\/v2\/users\/3"}],"replies":[{"embeddable":true,"href":"https:\/\/hotelschoenegg.at\/it\/wp-json\/wp\/v2\/comments?post=2066"}],"version-history":[{"count":84,"href":"https:\/\/hotelschoenegg.at\/it\/wp-json\/wp\/v2\/pages\/2066\/revisions"}],"predecessor-version":[{"id":11893,"href":"https:\/\/hotelschoenegg.at\/it\/wp-json\/wp\/v2\/pages\/2066\/revisions\/11893"}],"wp:featuredmedia":[{"embeddable":true,"href":"https:\/\/hotelschoenegg.at\/it\/wp-json\/wp\/v2\/media\/11781"}],"wp:attachment":[{"href":"https:\/\/hotelschoenegg.at\/it\/wp-json\/wp\/v2\/media?parent=2066"}],"curies":[{"name":"wp","href":"https:\/\/api.w.org\/{rel}","templated":true}]}}