{"id":2044,"date":"2021-11-19T09:48:05","date_gmt":"2021-11-19T09:48:05","guid":{"rendered":"https:\/\/hotelschoenegg.at\/offerts\/"},"modified":"2024-06-30T07:50:02","modified_gmt":"2024-06-30T07:50:02","slug":"offerts","status":"publish","type":"page","link":"https:\/\/hotelschoenegg.at\/fr\/offerts\/","title":{"rendered":"Offres &#038; forfaits"},"content":{"rendered":"\t\t<div data-elementor-type=\"wp-page\" data-elementor-id=\"2044\" class=\"elementor elementor-2044 elementor-17\" data-elementor-post-type=\"page\">\n\t\t\t\t\t\t<section class=\"elementor-section elementor-top-section elementor-element elementor-element-29c0c0c5 elementor-section-boxed elementor-section-height-default elementor-section-height-default\" data-id=\"29c0c0c5\" data-element_type=\"section\" data-e-type=\"section\">\n\t\t\t\t\t\t<div class=\"elementor-container elementor-column-gap-default\">\n\t\t\t\t\t<div class=\"elementor-column elementor-col-100 elementor-top-column elementor-element elementor-element-19d8ac8\" data-id=\"19d8ac8\" data-element_type=\"column\" data-e-type=\"column\">\n\t\t\t<div class=\"elementor-widget-wrap elementor-element-populated\">\n\t\t\t\t\t\t<div class=\"elementor-element elementor-element-66e2b300 elementor-widget elementor-widget-heading\" data-id=\"66e2b300\" data-element_type=\"widget\" data-e-type=\"widget\" data-widget_type=\"heading.default\">\n\t\t\t\t<div class=\"elementor-widget-container\">\n\t\t\t\t\t<h2 class=\"elementor-heading-title elementor-size-default\">Offres et forfaits \u00e0 l'h\u00f4tel Sch\u00f6negg<\/h2>\t\t\t\t<\/div>\n\t\t\t\t<\/div>\n\t\t\t\t<div class=\"elementor-element elementor-element-642f9508 elementor-widget elementor-widget-text-editor\" data-id=\"642f9508\" data-element_type=\"widget\" data-e-type=\"widget\" data-widget_type=\"text-editor.default\">\n\t\t\t\t<div class=\"elementor-widget-container\">\n\t\t\t\t\t\t\t\t\t<p>Vous trouverez ici nos offres, qui rendront vos vacances \u00e0 Seefeld encore plus belles et inoubliables. Vous \u00eates \u00e9galement invit\u00e9 \u00e0 demander des variantes des offres \u00e9num\u00e9r\u00e9es ci-dessous.<\/p>\n\t\t\t\t\t\t\t\t<\/div>\n\t\t\t\t<\/div>\n\t\t\t\t\t<\/div>\n\t\t<\/div>\n\t\t\t\t\t<\/div>\n\t\t<\/section>\n\t\t\t\t<section class=\"elementor-section elementor-top-section elementor-element elementor-element-08b11e5 elementor-section-boxed elementor-section-height-default elementor-section-height-default\" data-id=\"08b11e5\" data-element_type=\"section\" data-e-type=\"section\">\n\t\t\t\t\t\t<div class=\"elementor-container elementor-column-gap-default\">\n\t\t\t\t\t<div class=\"elementor-column elementor-col-100 elementor-top-column elementor-element elementor-element-4ad6f12\" data-id=\"4ad6f12\" data-element_type=\"column\" data-e-type=\"column\">\n\t\t\t<div class=\"elementor-widget-wrap elementor-element-populated\">\n\t\t\t\t\t\t<div class=\"elementor-element elementor-element-4280650 uael-equal__height-yes uael-post__content-align-left elementor-widget elementor-widget-uael-posts\" data-id=\"4280650\" data-element_type=\"widget\" data-e-type=\"widget\" data-settings=\"{&quot;business_slides_to_show&quot;:3,&quot;business_slides_to_show_tablet&quot;:2,&quot;business_slides_to_show_mobile&quot;:1,&quot;business_show_filters&quot;:&quot;no&quot;}\" data-widget_type=\"uael-posts.business\">\n\t\t\t\t<div class=\"elementor-widget-container\">\n\t\t\t\t\t\t\t<div class=\"uael-post__header\">\n\t\t\t\t\t<\/div>\n\t\t<div class=\"uael-post__body\">\n\t\t\t\n\t\t\n\t\t<div class=\"uael-blog-terms-position- uael-post-image-top uael-post-grid uael-posts\" data-query-type=\"custom\" data-structure=\"normal\" data-layout=\"\" data-page=\"2044\" data-skin=\"business\" data-filter-default=\"\" data-offset-top=\"30\" >\n\n\t\t\t\t\t\t\t<div class=\"uael-post-grid__inner uael-post__columns-3 uael-post__columns-tablet-2 uael-post__columns-mobile-1\">\n\t\t\t\n\n<div class=\"uael-post-wrapper   offre \">\n\t<div class=\"uael-post__bg-wrap uael-bg-wrap-disabled\">\n\n\t\t\t\t\n\t\t<div class=\"uael-post__inner-wrap uael-inner-wrap-disabled\">\n\n\t\t\t\t<div class=\"uael-post__thumbnail\">\n\t\t\t\n\t\t\t<a href=\"https:\/\/hotelschoenegg.at\/fr\/semaine-de-ski-de-fond-en-autriche\/\" target=\"_self\" title=\"Ski de fond dans la r\u00e9gion de Seefeld &#8211; tous compris\"><img fetchpriority=\"high\" decoding=\"async\" width=\"2560\" height=\"2560\" src=\"https:\/\/hotelschoenegg.at\/wp-content\/uploads\/2021\/11\/Loipennutzung-Hotels-de-scaled.jpg\" class=\"attachment-full size-full wp-image-11439\" alt=\"Loipennutzung inklusive\" srcset=\"https:\/\/hotelschoenegg.at\/wp-content\/uploads\/2021\/11\/Loipennutzung-Hotels-de-scaled.jpg 2560w, https:\/\/hotelschoenegg.at\/wp-content\/uploads\/2021\/11\/Loipennutzung-Hotels-de-300x300.jpg 300w, https:\/\/hotelschoenegg.at\/wp-content\/uploads\/2021\/11\/Loipennutzung-Hotels-de-1024x1024.jpg 1024w, https:\/\/hotelschoenegg.at\/wp-content\/uploads\/2021\/11\/Loipennutzung-Hotels-de-150x150.jpg 150w, https:\/\/hotelschoenegg.at\/wp-content\/uploads\/2021\/11\/Loipennutzung-Hotels-de-768x768.jpg 768w, https:\/\/hotelschoenegg.at\/wp-content\/uploads\/2021\/11\/Loipennutzung-Hotels-de-1536x1536.jpg 1536w, https:\/\/hotelschoenegg.at\/wp-content\/uploads\/2021\/11\/Loipennutzung-Hotels-de-2048x2048.jpg 2048w\" sizes=\"(max-width: 2560px) 100vw, 2560px\" \/><\/a>\n\t\t\t\t\t<\/div>\n\t\t\n\t\t\t\n\t\t\t<div class=\"uael-post__content-wrap uael-content-wrap-disabled\">\n\t\t\t\t\t\t<h3 class=\"uael-post__title\">\n\n\t\t\n\t\t\t\t\t\t<a href=\"https:\/\/hotelschoenegg.at\/fr\/semaine-de-ski-de-fond-en-autriche\/\" target=\"_self\">\n\t\t\t\tSki de fond dans la r\u00e9gion de Seefeld &#8211; tous compris\t\t\t<\/a>\n\n\t\t\t\t<\/h3>\n\t\t<div class=\"uael-post__separator-wrap\"><div class=\"uael-post__separator uael-post__gradient-separator\"><\/div><\/div>\n\t\t<div class=\"uael-post__excerpt\">\n\t\t\tProfitez de vastes pistes de ski de fond.\t\t<\/div>\n\n\t\t\t\t\t<a class=\"uael-post__read-more elementor-button\" href=\"https:\/\/hotelschoenegg.at\/fr\/semaine-de-ski-de-fond-en-autriche\/\" target=\"_self\" aria-labelledby=\"uael-post-2060\">\n\t\t\t\t\t<span class=\"elementor-button-content-wrapper\">\n\t\t\t\t\t\t\t\t\t\t\t\t\t\t<span class=\"elementor-button-icon elementor-align-icon-left\">\n\n\t\t\t\t\t\t\t\t\t\n\t\t\t\t\t\t\t\t<\/span>\n\t\t\t\t\t\t\t\t\t\t\t\t\t\n\t\t\t\t\t\t<span class=\"elementor-button-text\" id=uael-post-2060> Toutes les informations \u2192<\/span>\n\t\t\t\t\t<\/span>\n\t\t\t\t<\/a>\n\t\t\t\t\t\t<\/div>\n\t\t\t\n\t\t<\/div>\n\t\t\n\t<\/div>\n\n<\/div>\n\n\n<div class=\"uael-post-wrapper   offre \">\n\t<div class=\"uael-post__bg-wrap uael-bg-wrap-disabled\">\n\n\t\t\t\t\n\t\t<div class=\"uael-post__inner-wrap uael-inner-wrap-disabled\">\n\n\t\t\t\t<div class=\"uael-post__thumbnail\">\n\t\t\t\n\t\t\t<a href=\"https:\/\/hotelschoenegg.at\/fr\/biathlon-a-seefeld\/\" target=\"_self\" title=\"Biathlon dans la r\u00e9gion de Seefeld\"><img decoding=\"async\" width=\"750\" height=\"500\" src=\"https:\/\/hotelschoenegg.at\/wp-content\/uploads\/2021\/11\/Biathlon-Martin-Tauber.webp\" class=\"attachment-full size-full wp-image-11084\" alt=\"\" srcset=\"https:\/\/hotelschoenegg.at\/wp-content\/uploads\/2021\/11\/Biathlon-Martin-Tauber.webp 750w, https:\/\/hotelschoenegg.at\/wp-content\/uploads\/2021\/11\/Biathlon-Martin-Tauber-300x200.webp 300w\" sizes=\"(max-width: 750px) 100vw, 750px\" \/><\/a>\n\t\t\t\t\t<\/div>\n\t\t\n\t\t\t\n\t\t\t<div class=\"uael-post__content-wrap uael-content-wrap-disabled\">\n\t\t\t\t\t\t<h3 class=\"uael-post__title\">\n\n\t\t\n\t\t\t\t\t\t<a href=\"https:\/\/hotelschoenegg.at\/fr\/biathlon-a-seefeld\/\" target=\"_self\">\n\t\t\t\tBiathlon dans la r\u00e9gion de Seefeld\t\t\t<\/a>\n\n\t\t\t\t<\/h3>\n\t\t<div class=\"uael-post__separator-wrap\"><div class=\"uael-post__separator uael-post__gradient-separator\"><\/div><\/div>\n\t\t<div class=\"uael-post__excerpt\">\n\t\t\tL'installation de biathlon au milieu du Nordic Competence Center \u00e0 Seefeld (aux tremplins de Gschwandtkopf) compte actuellement 9 stalles pour le petit calibre ...\t\t<\/div>\n\n\t\t\t\t\t<a class=\"uael-post__read-more elementor-button\" href=\"https:\/\/hotelschoenegg.at\/fr\/biathlon-a-seefeld\/\" target=\"_self\" aria-labelledby=\"uael-post-2062\">\n\t\t\t\t\t<span class=\"elementor-button-content-wrapper\">\n\t\t\t\t\t\t\t\t\t\t\t\t\t\t<span class=\"elementor-button-icon elementor-align-icon-left\">\n\n\t\t\t\t\t\t\t\t\t\n\t\t\t\t\t\t\t\t<\/span>\n\t\t\t\t\t\t\t\t\t\t\t\t\t\n\t\t\t\t\t\t<span class=\"elementor-button-text\" id=uael-post-2062> Toutes les informations \u2192<\/span>\n\t\t\t\t\t<\/span>\n\t\t\t\t<\/a>\n\t\t\t\t\t\t<\/div>\n\t\t\t\n\t\t<\/div>\n\t\t\n\t<\/div>\n\n<\/div>\n\n\n<div class=\"uael-post-wrapper   offre \">\n\t<div class=\"uael-post__bg-wrap uael-bg-wrap-disabled\">\n\n\t\t\t\t\n\t\t<div class=\"uael-post__inner-wrap uael-inner-wrap-disabled\">\n\n\t\t\t\t<div class=\"uael-post__thumbnail\">\n\t\t\t\n\t\t\t<a href=\"https:\/\/hotelschoenegg.at\/fr\/meine-anreise-flixbus-flug-und-zuganreise\/\" target=\"_self\" title=\"Mon arriv\u00e9e : Flixbus, avion et train ?\"><img decoding=\"async\" width=\"700\" height=\"500\" src=\"https:\/\/hotelschoenegg.at\/wp-content\/uploads\/2021\/10\/flixbus_klein2.png\" class=\"attachment-full size-full wp-image-1561\" alt=\"\" srcset=\"https:\/\/hotelschoenegg.at\/wp-content\/uploads\/2021\/10\/flixbus_klein2.png 700w, https:\/\/hotelschoenegg.at\/wp-content\/uploads\/2021\/10\/flixbus_klein2-300x214.png 300w\" sizes=\"(max-width: 700px) 100vw, 700px\" \/><\/a>\n\t\t\t\t\t<\/div>\n\t\t\n\t\t\t\n\t\t\t<div class=\"uael-post__content-wrap uael-content-wrap-disabled\">\n\t\t\t\t\t\t<h3 class=\"uael-post__title\">\n\n\t\t\n\t\t\t\t\t\t<a href=\"https:\/\/hotelschoenegg.at\/fr\/meine-anreise-flixbus-flug-und-zuganreise\/\" target=\"_self\">\n\t\t\t\tMon arriv\u00e9e : Flixbus, avion et train ?\t\t\t<\/a>\n\n\t\t\t\t<\/h3>\n\t\t<div class=\"uael-post__separator-wrap\"><div class=\"uael-post__separator uael-post__gradient-separator\"><\/div><\/div>\n\t\t<div class=\"uael-post__excerpt\">\n\t\t\tArriver en toute simplicit\u00e9 !\t\t<\/div>\n\n\t\t\t\t\t<a class=\"uael-post__read-more elementor-button\" href=\"https:\/\/hotelschoenegg.at\/fr\/meine-anreise-flixbus-flug-und-zuganreise\/\" target=\"_self\" aria-labelledby=\"uael-post-11379\">\n\t\t\t\t\t<span class=\"elementor-button-content-wrapper\">\n\t\t\t\t\t\t\t\t\t\t\t\t\t\t<span class=\"elementor-button-icon elementor-align-icon-left\">\n\n\t\t\t\t\t\t\t\t\t\n\t\t\t\t\t\t\t\t<\/span>\n\t\t\t\t\t\t\t\t\t\t\t\t\t\n\t\t\t\t\t\t<span class=\"elementor-button-text\" id=uael-post-11379> Toutes les informations \u2192<\/span>\n\t\t\t\t\t<\/span>\n\t\t\t\t<\/a>\n\t\t\t\t\t\t<\/div>\n\t\t\t\n\t\t<\/div>\n\t\t\n\t<\/div>\n\n<\/div>\n\n\n<div class=\"uael-post-wrapper   offre \">\n\t<div class=\"uael-post__bg-wrap uael-bg-wrap-disabled\">\n\n\t\t\t\t\n\t\t<div class=\"uael-post__inner-wrap uael-inner-wrap-disabled\">\n\n\t\t\t\t<div class=\"uael-post__thumbnail\">\n\t\t\t\n\t\t\t<a href=\"https:\/\/hotelschoenegg.at\/fr\/velo\/\" target=\"_self\" title=\"Faire du v\u00e9lo dans la r\u00e9gion de Seefeld\"><img loading=\"lazy\" decoding=\"async\" width=\"2000\" height=\"1333\" src=\"https:\/\/hotelschoenegg.at\/wp-content\/uploads\/2021\/10\/Ausflug-mit-den-E-Bikes-1.jpg\" class=\"attachment-full size-full wp-image-1336\" alt=\"\" srcset=\"https:\/\/hotelschoenegg.at\/wp-content\/uploads\/2021\/10\/Ausflug-mit-den-E-Bikes-1.jpg 2000w, https:\/\/hotelschoenegg.at\/wp-content\/uploads\/2021\/10\/Ausflug-mit-den-E-Bikes-1-300x200.jpg 300w, https:\/\/hotelschoenegg.at\/wp-content\/uploads\/2021\/10\/Ausflug-mit-den-E-Bikes-1-1024x682.jpg 1024w, https:\/\/hotelschoenegg.at\/wp-content\/uploads\/2021\/10\/Ausflug-mit-den-E-Bikes-1-768x512.jpg 768w, https:\/\/hotelschoenegg.at\/wp-content\/uploads\/2021\/10\/Ausflug-mit-den-E-Bikes-1-1536x1024.jpg 1536w\" sizes=\"(max-width: 2000px) 100vw, 2000px\" \/><\/a>\n\t\t\t\t\t<\/div>\n\t\t\n\t\t\t\n\t\t\t<div class=\"uael-post__content-wrap uael-content-wrap-disabled\">\n\t\t\t\t\t\t<h3 class=\"uael-post__title\">\n\n\t\t\n\t\t\t\t\t\t<a href=\"https:\/\/hotelschoenegg.at\/fr\/velo\/\" target=\"_self\">\n\t\t\t\tFaire du v\u00e9lo dans la r\u00e9gion de Seefeld\t\t\t<\/a>\n\n\t\t\t\t<\/h3>\n\t\t<div class=\"uael-post__separator-wrap\"><div class=\"uael-post__separator uael-post__gradient-separator\"><\/div><\/div>\n\t\t<div class=\"uael-post__excerpt\">\n\t\t\tCircuits pour les cyclistes de loisir, les v\u00e9t\u00e9tistes et les e-bikers\t\t<\/div>\n\n\t\t\t\t\t<a class=\"uael-post__read-more elementor-button\" href=\"https:\/\/hotelschoenegg.at\/fr\/velo\/\" target=\"_self\" aria-labelledby=\"uael-post-2064\">\n\t\t\t\t\t<span class=\"elementor-button-content-wrapper\">\n\t\t\t\t\t\t\t\t\t\t\t\t\t\t<span class=\"elementor-button-icon elementor-align-icon-left\">\n\n\t\t\t\t\t\t\t\t\t\n\t\t\t\t\t\t\t\t<\/span>\n\t\t\t\t\t\t\t\t\t\t\t\t\t\n\t\t\t\t\t\t<span class=\"elementor-button-text\" id=uael-post-2064> Toutes les informations \u2192<\/span>\n\t\t\t\t\t<\/span>\n\t\t\t\t<\/a>\n\t\t\t\t\t\t<\/div>\n\t\t\t\n\t\t<\/div>\n\t\t\n\t<\/div>\n\n<\/div>\n\n\n<div class=\"uael-post-wrapper   offre \">\n\t<div class=\"uael-post__bg-wrap uael-bg-wrap-disabled\">\n\n\t\t\t\t\n\t\t<div class=\"uael-post__inner-wrap uael-inner-wrap-disabled\">\n\n\t\t\t\t<div class=\"uael-post__thumbnail\">\n\t\t\t\n\t\t\t<a href=\"https:\/\/hotelschoenegg.at\/fr\/randonnee-a-seefeld\/\" target=\"_self\" title=\"Randonn\u00e9e dans la r\u00e9gion de Seefeld\"><img loading=\"lazy\" decoding=\"async\" width=\"2000\" height=\"1333\" src=\"https:\/\/hotelschoenegg.at\/wp-content\/uploads\/2021\/10\/Wandern-in-den-Bergen.jpg\" class=\"attachment-full size-full wp-image-1558\" alt=\"\" srcset=\"https:\/\/hotelschoenegg.at\/wp-content\/uploads\/2021\/10\/Wandern-in-den-Bergen.jpg 2000w, https:\/\/hotelschoenegg.at\/wp-content\/uploads\/2021\/10\/Wandern-in-den-Bergen-300x200.jpg 300w, https:\/\/hotelschoenegg.at\/wp-content\/uploads\/2021\/10\/Wandern-in-den-Bergen-1024x682.jpg 1024w, https:\/\/hotelschoenegg.at\/wp-content\/uploads\/2021\/10\/Wandern-in-den-Bergen-768x512.jpg 768w, https:\/\/hotelschoenegg.at\/wp-content\/uploads\/2021\/10\/Wandern-in-den-Bergen-1536x1024.jpg 1536w\" sizes=\"(max-width: 2000px) 100vw, 2000px\" \/><\/a>\n\t\t\t\t\t<\/div>\n\t\t\n\t\t\t\n\t\t\t<div class=\"uael-post__content-wrap uael-content-wrap-disabled\">\n\t\t\t\t\t\t<h3 class=\"uael-post__title\">\n\n\t\t\n\t\t\t\t\t\t<a href=\"https:\/\/hotelschoenegg.at\/fr\/randonnee-a-seefeld\/\" target=\"_self\">\n\t\t\t\tRandonn\u00e9e dans la r\u00e9gion de Seefeld\t\t\t<\/a>\n\n\t\t\t\t<\/h3>\n\t\t<div class=\"uael-post__separator-wrap\"><div class=\"uael-post__separator uael-post__gradient-separator\"><\/div><\/div>\n\t\t<div class=\"uael-post__excerpt\">\n\t\t\tVacances de randonn\u00e9e pour c\u00e9libataires, couples ou familles \u00e0 Seefeld au Tyrol\t\t<\/div>\n\n\t\t\t\t\t<a class=\"uael-post__read-more elementor-button\" href=\"https:\/\/hotelschoenegg.at\/fr\/randonnee-a-seefeld\/\" target=\"_self\" aria-labelledby=\"uael-post-2183\">\n\t\t\t\t\t<span class=\"elementor-button-content-wrapper\">\n\t\t\t\t\t\t\t\t\t\t\t\t\t\t<span class=\"elementor-button-icon elementor-align-icon-left\">\n\n\t\t\t\t\t\t\t\t\t\n\t\t\t\t\t\t\t\t<\/span>\n\t\t\t\t\t\t\t\t\t\t\t\t\t\n\t\t\t\t\t\t<span class=\"elementor-button-text\" id=uael-post-2183> Toutes les informations \u2192<\/span>\n\t\t\t\t\t<\/span>\n\t\t\t\t<\/a>\n\t\t\t\t\t\t<\/div>\n\t\t\t\n\t\t<\/div>\n\t\t\n\t<\/div>\n\n<\/div>\n\t\t\t\t<\/div>\n\t\t\t\t\t\t\n\t\t<\/div>\n\n\t\t\t\t\t\t<\/div>\n\t\t<div class=\"uael-post__footer\">\n\t\t\t\t\t<\/div>\n\t\t\t\t\t\t<\/div>\n\t\t\t\t<\/div>\n\t\t\t\t\t<\/div>\n\t\t<\/div>\n\t\t\t\t\t<\/div>\n\t\t<\/section>\n\t\t\t\t<\/div>\n\t\t","protected":false},"excerpt":{"rendered":"<p>Offres et forfaits \u00e0 l&rsquo;h\u00f4tel Sch\u00f6negg Vous trouverez ici nos offres, qui rendront vos vacances \u00e0 Seefeld encore plus belles et inoubliables. Vous \u00eates \u00e9galement invit\u00e9 \u00e0 demander des variantes des offres \u00e9num\u00e9r\u00e9es ci-dessous. Wandern in der Region Seefeld Wandern in der Region Seefeld f\u00fcr Singles, Paare oder Familien in Seefeld in Tirol Toutes les [&hellip;]<\/p>\n","protected":false},"author":3,"featured_media":0,"parent":0,"menu_order":5,"comment_status":"closed","ping_status":"closed","template":"","meta":{"footnotes":""},"class_list":["post-2044","page","type-page","status-publish","hentry"],"yoast_head":"<!-- This site is optimized with the Yoast SEO plugin v27.5 - https:\/\/yoast.com\/product\/yoast-seo-wordpress\/ -->\n<title>H\u00f4tel Sch\u00f6negg | Offres sp\u00e9ciales | R\u00e9gion de Seefeld, Tyrol<\/title>\n<meta name=\"description\" content=\"Nous proposons des offres et des forfaits bon march\u00e9 pour l&#039;hiver et l&#039;\u00e9t\u00e9. Que ce soit pour le golf, le ski de fond, la randonn\u00e9e, le v\u00e9lo, le biathlon et plus encore.\" \/>\n<meta name=\"robots\" content=\"index, follow, max-snippet:-1, max-image-preview:large, max-video-preview:-1\" \/>\n<link rel=\"canonical\" href=\"https:\/\/hotelschoenegg.at\/fr\/offerts\/\" \/>\n<meta property=\"og:locale\" content=\"fr_FR\" \/>\n<meta property=\"og:type\" content=\"article\" \/>\n<meta property=\"og:title\" content=\"H\u00f4tel Sch\u00f6negg | Offres sp\u00e9ciales | R\u00e9gion de Seefeld, Tyrol\" \/>\n<meta property=\"og:description\" content=\"Nous proposons des offres et des forfaits bon march\u00e9 pour l&#039;hiver et l&#039;\u00e9t\u00e9. Que ce soit pour le golf, le ski de fond, la randonn\u00e9e, le v\u00e9lo, le biathlon et plus encore.\" \/>\n<meta property=\"og:url\" content=\"https:\/\/hotelschoenegg.at\/fr\/offerts\/\" \/>\n<meta property=\"og:site_name\" content=\"Hotel Sch\u00f6negg\" \/>\n<meta property=\"article:modified_time\" content=\"2024-06-30T07:50:02+00:00\" \/>\n<meta property=\"og:image\" content=\"https:\/\/hotelschoenegg.at\/wp-content\/uploads\/2021\/10\/Wandern-in-den-Bergen.jpg\" \/>\n<meta name=\"twitter:card\" content=\"summary_large_image\" \/>\n<meta name=\"twitter:label1\" content=\"Dur\u00e9e de lecture estim\u00e9e\" \/>\n\t<meta name=\"twitter:data1\" content=\"2 minutes\" \/>\n<script type=\"application\/ld+json\" class=\"yoast-schema-graph\">{\"@context\":\"https:\\\/\\\/schema.org\",\"@graph\":[{\"@type\":\"WebPage\",\"@id\":\"https:\\\/\\\/hotelschoenegg.at\\\/fr\\\/offerts\\\/\",\"url\":\"https:\\\/\\\/hotelschoenegg.at\\\/fr\\\/offerts\\\/\",\"name\":\"H\u00f4tel Sch\u00f6negg | Offres sp\u00e9ciales | R\u00e9gion de Seefeld, Tyrol\",\"isPartOf\":{\"@id\":\"https:\\\/\\\/hotelschoenegg.at\\\/fr\\\/#website\"},\"primaryImageOfPage\":{\"@id\":\"https:\\\/\\\/hotelschoenegg.at\\\/fr\\\/offerts\\\/#primaryimage\"},\"image\":{\"@id\":\"https:\\\/\\\/hotelschoenegg.at\\\/fr\\\/offerts\\\/#primaryimage\"},\"thumbnailUrl\":\"https:\\\/\\\/hotelschoenegg.at\\\/wp-content\\\/uploads\\\/2021\\\/10\\\/Wandern-in-den-Bergen.jpg\",\"datePublished\":\"2021-11-19T09:48:05+00:00\",\"dateModified\":\"2024-06-30T07:50:02+00:00\",\"description\":\"Nous proposons des offres et des forfaits bon march\u00e9 pour l'hiver et l'\u00e9t\u00e9. Que ce soit pour le golf, le ski de fond, la randonn\u00e9e, le v\u00e9lo, le biathlon et plus encore.\",\"breadcrumb\":{\"@id\":\"https:\\\/\\\/hotelschoenegg.at\\\/fr\\\/offerts\\\/#breadcrumb\"},\"inLanguage\":\"fr-FR\",\"potentialAction\":[{\"@type\":\"ReadAction\",\"target\":[\"https:\\\/\\\/hotelschoenegg.at\\\/fr\\\/offerts\\\/\"]}]},{\"@type\":\"ImageObject\",\"inLanguage\":\"fr-FR\",\"@id\":\"https:\\\/\\\/hotelschoenegg.at\\\/fr\\\/offerts\\\/#primaryimage\",\"url\":\"https:\\\/\\\/hotelschoenegg.at\\\/wp-content\\\/uploads\\\/2021\\\/10\\\/Wandern-in-den-Bergen.jpg\",\"contentUrl\":\"https:\\\/\\\/hotelschoenegg.at\\\/wp-content\\\/uploads\\\/2021\\\/10\\\/Wandern-in-den-Bergen.jpg\"},{\"@type\":\"BreadcrumbList\",\"@id\":\"https:\\\/\\\/hotelschoenegg.at\\\/fr\\\/offerts\\\/#breadcrumb\",\"itemListElement\":[{\"@type\":\"ListItem\",\"position\":1,\"name\":\"Startseite\",\"item\":\"https:\\\/\\\/hotelschoenegg.at\\\/fr\\\/\"},{\"@type\":\"ListItem\",\"position\":2,\"name\":\"Offres &#038; forfaits\"}]},{\"@type\":\"WebSite\",\"@id\":\"https:\\\/\\\/hotelschoenegg.at\\\/fr\\\/#website\",\"url\":\"https:\\\/\\\/hotelschoenegg.at\\\/fr\\\/\",\"name\":\"Hotel Sch\u00f6negg\",\"description\":\"Famili\u00e4res Hotel in Seefeld\",\"potentialAction\":[{\"@type\":\"SearchAction\",\"target\":{\"@type\":\"EntryPoint\",\"urlTemplate\":\"https:\\\/\\\/hotelschoenegg.at\\\/fr\\\/?s={search_term_string}\"},\"query-input\":{\"@type\":\"PropertyValueSpecification\",\"valueRequired\":true,\"valueName\":\"search_term_string\"}}],\"inLanguage\":\"fr-FR\"}]}<\/script>\n<!-- \/ Yoast SEO plugin. -->","yoast_head_json":{"title":"H\u00f4tel Sch\u00f6negg | Offres sp\u00e9ciales | R\u00e9gion de Seefeld, Tyrol","description":"Nous proposons des offres et des forfaits bon march\u00e9 pour l'hiver et l'\u00e9t\u00e9. Que ce soit pour le golf, le ski de fond, la randonn\u00e9e, le v\u00e9lo, le biathlon et plus encore.","robots":{"index":"index","follow":"follow","max-snippet":"max-snippet:-1","max-image-preview":"max-image-preview:large","max-video-preview":"max-video-preview:-1"},"canonical":"https:\/\/hotelschoenegg.at\/fr\/offerts\/","og_locale":"fr_FR","og_type":"article","og_title":"H\u00f4tel Sch\u00f6negg | Offres sp\u00e9ciales | R\u00e9gion de Seefeld, Tyrol","og_description":"Nous proposons des offres et des forfaits bon march\u00e9 pour l'hiver et l'\u00e9t\u00e9. Que ce soit pour le golf, le ski de fond, la randonn\u00e9e, le v\u00e9lo, le biathlon et plus encore.","og_url":"https:\/\/hotelschoenegg.at\/fr\/offerts\/","og_site_name":"Hotel Sch\u00f6negg","article_modified_time":"2024-06-30T07:50:02+00:00","og_image":[{"url":"https:\/\/hotelschoenegg.at\/wp-content\/uploads\/2021\/10\/Wandern-in-den-Bergen.jpg","type":"","width":"","height":""}],"twitter_card":"summary_large_image","twitter_misc":{"Dur\u00e9e de lecture estim\u00e9e":"2 minutes"},"schema":{"@context":"https:\/\/schema.org","@graph":[{"@type":"WebPage","@id":"https:\/\/hotelschoenegg.at\/fr\/offerts\/","url":"https:\/\/hotelschoenegg.at\/fr\/offerts\/","name":"H\u00f4tel Sch\u00f6negg | Offres sp\u00e9ciales | R\u00e9gion de Seefeld, Tyrol","isPartOf":{"@id":"https:\/\/hotelschoenegg.at\/fr\/#website"},"primaryImageOfPage":{"@id":"https:\/\/hotelschoenegg.at\/fr\/offerts\/#primaryimage"},"image":{"@id":"https:\/\/hotelschoenegg.at\/fr\/offerts\/#primaryimage"},"thumbnailUrl":"https:\/\/hotelschoenegg.at\/wp-content\/uploads\/2021\/10\/Wandern-in-den-Bergen.jpg","datePublished":"2021-11-19T09:48:05+00:00","dateModified":"2024-06-30T07:50:02+00:00","description":"Nous proposons des offres et des forfaits bon march\u00e9 pour l'hiver et l'\u00e9t\u00e9. Que ce soit pour le golf, le ski de fond, la randonn\u00e9e, le v\u00e9lo, le biathlon et plus encore.","breadcrumb":{"@id":"https:\/\/hotelschoenegg.at\/fr\/offerts\/#breadcrumb"},"inLanguage":"fr-FR","potentialAction":[{"@type":"ReadAction","target":["https:\/\/hotelschoenegg.at\/fr\/offerts\/"]}]},{"@type":"ImageObject","inLanguage":"fr-FR","@id":"https:\/\/hotelschoenegg.at\/fr\/offerts\/#primaryimage","url":"https:\/\/hotelschoenegg.at\/wp-content\/uploads\/2021\/10\/Wandern-in-den-Bergen.jpg","contentUrl":"https:\/\/hotelschoenegg.at\/wp-content\/uploads\/2021\/10\/Wandern-in-den-Bergen.jpg"},{"@type":"BreadcrumbList","@id":"https:\/\/hotelschoenegg.at\/fr\/offerts\/#breadcrumb","itemListElement":[{"@type":"ListItem","position":1,"name":"Startseite","item":"https:\/\/hotelschoenegg.at\/fr\/"},{"@type":"ListItem","position":2,"name":"Offres &#038; forfaits"}]},{"@type":"WebSite","@id":"https:\/\/hotelschoenegg.at\/fr\/#website","url":"https:\/\/hotelschoenegg.at\/fr\/","name":"Hotel Sch\u00f6negg","description":"Famili\u00e4res Hotel in Seefeld","potentialAction":[{"@type":"SearchAction","target":{"@type":"EntryPoint","urlTemplate":"https:\/\/hotelschoenegg.at\/fr\/?s={search_term_string}"},"query-input":{"@type":"PropertyValueSpecification","valueRequired":true,"valueName":"search_term_string"}}],"inLanguage":"fr-FR"}]}},"_links":{"self":[{"href":"https:\/\/hotelschoenegg.at\/fr\/wp-json\/wp\/v2\/pages\/2044","targetHints":{"allow":["GET"]}}],"collection":[{"href":"https:\/\/hotelschoenegg.at\/fr\/wp-json\/wp\/v2\/pages"}],"about":[{"href":"https:\/\/hotelschoenegg.at\/fr\/wp-json\/wp\/v2\/types\/page"}],"author":[{"embeddable":true,"href":"https:\/\/hotelschoenegg.at\/fr\/wp-json\/wp\/v2\/users\/3"}],"replies":[{"embeddable":true,"href":"https:\/\/hotelschoenegg.at\/fr\/wp-json\/wp\/v2\/comments?post=2044"}],"version-history":[{"count":4,"href":"https:\/\/hotelschoenegg.at\/fr\/wp-json\/wp\/v2\/pages\/2044\/revisions"}],"predecessor-version":[{"id":9973,"href":"https:\/\/hotelschoenegg.at\/fr\/wp-json\/wp\/v2\/pages\/2044\/revisions\/9973"}],"wp:attachment":[{"href":"https:\/\/hotelschoenegg.at\/fr\/wp-json\/wp\/v2\/media?parent=2044"}],"curies":[{"name":"wp","href":"https:\/\/api.w.org\/{rel}","templated":true}]}}